{"id":18017,"date":"2021-11-17T11:55:54","date_gmt":"2021-11-17T11:55:54","guid":{"rendered":"https:\/\/altos-klinika.cz\/laser-removal-of-warts\/"},"modified":"2025-02-23T09:18:09","modified_gmt":"2025-02-23T09:18:09","slug":"laser-removal-of-warts","status":"publish","type":"page","link":"https:\/\/altos-klinika.cz\/de\/laser-removal-of-warts\/","title":{"rendered":"Laser removal of warts"},"content":{"rendered":"<p>[vc_row row_content_width=&#8220;grid&#8220; css=&#8220;.vc_custom_1632239210797{padding-top: 70px !important;}&#8220;][vc_column offset=&#8220;vc_col-lg-12&#8243; css=&#8220;.vc_custom_1632140768248{margin-top: -8px !important;}&#8220;]<div class=\"mkdf-section-title-holder mkdf-st-standard mkdf-st-title-left mkdf-st-normal-space \" style=\"text-align: center\">\n\t<div class=\"mkdf-st-inner\">\n\t\t\t\t\t<h1 class=\"mkdf-st-title\" >\n\t\t\t\t<span class=\"mkdf-st-title-light\">Laserentfernung<\/span> <span class=\"mkdf-st-title-light\">von<\/span> <span class=\"mkdf-st-title-bold\">Warzen<\/span>\t\t\t<\/h1>\n\t\t\t\t\t<\/div>\n<\/div>[vc_empty_space height=&#8220;9px&#8220;][vc_column_text]Warzen sind unangenehme Gebilde am K\u00f6rper, die nebeneinander oder eher getrennt gruppiert sind. Sie sind nicht gef\u00e4hrlich, aber vor allem h\u00e4sslich. In unserer Klinik entfernen wir Warzen mit einem Gef\u00e4\u00dflaser. Sowohl Erwachsene als auch Kinder k\u00f6nnen behandelt werden. Ursache f\u00fcr das Wachstum von Warzen sind HPV-Viren, gutartige Tumoren, die haupts\u00e4chlich durch Ber\u00fchrung \u00fcbertragen werden. Wir finden sie im Gesicht, an den Lippen und an den F\u00fc\u00dfen. Sie k\u00f6nnen sehr schmerzhaft sein.[\/vc_column_text][vc_empty_space height=&#8220;30px&#8220;][\/vc_column][\/vc_row][vc_row full_width=&#8220;stretch_row&#8220; css=&#8220;.vc_custom_1638118773359{background-color: rgba(78,109,204,0.07) !important;*background-color: rgb(78,109,204) !important;}&#8220; simple_background_color=&#8220;rgba(78,109,204,0.07)&#8220;][vc_column][vc_row_inner row_content_width=&#8220;grid&#8220;][vc_column_inner][vc_column_text]\n<div class=\"wpcf7 no-js\" id=\"wpcf7-f17975-o1\" lang=\"en-US\" dir=\"ltr\" data-wpcf7-id=\"17975\">\n<div class=\"screen-reader-response\"><p role=\"status\" aria-live=\"polite\" aria-atomic=\"true\"><\/p> <ul><\/ul><\/div>\n<form action=\"\/de\/wp-json\/wp\/v2\/pages\/18017#wpcf7-f17975-o1\" method=\"post\" class=\"wpcf7-form init inline-form\" aria-label=\"Contact form\" novalidate=\"novalidate\" data-status=\"init\">\n<div style=\"display: none;\">\n<input type=\"hidden\" name=\"_wpcf7\" value=\"17975\" \/>\n<input type=\"hidden\" name=\"_wpcf7_version\" value=\"6.0.4\" \/>\n<input type=\"hidden\" name=\"_wpcf7_locale\" value=\"en_US\" \/>\n<input type=\"hidden\" name=\"_wpcf7_unit_tag\" value=\"wpcf7-f17975-o1\" \/>\n<input type=\"hidden\" name=\"_wpcf7_container_post\" value=\"0\" \/>\n<input type=\"hidden\" name=\"_wpcf7_posted_data_hash\" value=\"\" \/>\n<input type=\"hidden\" name=\"_wpcf7_recaptcha_response\" value=\"\" \/>\n<\/div>\n<h2>Vereinbare einen Termin\n<\/h2>\n<div class=\"jq-row jq-inline-form\">\n\t<div class=\"fields-col jq-row\">\n\t\t<div class=\"jq-col-33\">\n\t\t\t<p><span class=\"wpcf7-form-control-wrap\" data-name=\"your-name\"><input size=\"40\" maxlength=\"400\" class=\"wpcf7-form-control wpcf7-text wpcf7-validates-as-required\" aria-required=\"true\" aria-invalid=\"false\" placeholder=\"Ihren Namen\" value=\"\" type=\"text\" name=\"your-name\" \/><\/span>\n\t\t\t<\/p>\n\t\t<\/div>\n\t\t<div class=\"jq-col-33\">\n\t\t\t<p><span class=\"wpcf7-form-control-wrap\" data-name=\"your-email\"><input size=\"40\" maxlength=\"400\" class=\"wpcf7-form-control wpcf7-email wpcf7-validates-as-required wpcf7-text wpcf7-validates-as-email\" aria-required=\"true\" aria-invalid=\"false\" placeholder=\"Email\" value=\"\" type=\"email\" name=\"your-email\" \/><\/span>\n\t\t\t<\/p>\n\t\t<\/div>\n\t\t<div class=\"jq-col-33\">\n\t\t\t<p><span class=\"wpcf7-form-control-wrap\" data-name=\"your-tel\"><input size=\"40\" maxlength=\"400\" class=\"wpcf7-form-control wpcf7-tel wpcf7-text wpcf7-validates-as-tel\" aria-invalid=\"false\" placeholder=\"+420 *** *** ***\" value=\"\" type=\"tel\" name=\"your-tel\" \/><\/span>\n\t\t\t<\/p>\n\t\t<\/div>\n\t\t<div class=\"jq-col-100\">\n\t\t\t<p><span class=\"wpcf7-form-control-wrap\" data-name=\"acceptance\"><span class=\"wpcf7-form-control wpcf7-acceptance\"><span class=\"wpcf7-list-item\"><label><input type=\"checkbox\" name=\"acceptance\" value=\"1\" aria-invalid=\"false\" \/><span class=\"wpcf7-list-item-label\">Ich stimme der <a href=\"https:\/\/altos-klinika.cz\/en\/terms-of-use\/\" target=\"_blank\">Verarbeitung meiner personenbezogenen Daten zu<\/a>.<\/span><\/label><\/span><\/span><\/span>\n\t\t\t<\/p>\n\t\t<\/div>\n\t<\/div>\n\t<div class=\"button-col\">\n\t\t<p><input class=\"wpcf7-form-control wpcf7-submit has-spinner\" type=\"submit\" value=\"Senden\" \/><input type=\"hidden\" class=\"wpcf7-form-control wpcf7-hidden\" name=\"your-subject\" placeholder=\"\" value=\"DE \u0417\u0430\u043f\u0438\u0441\u044c \u043d\u0430 \u043f\u0440\u043e\u0446\u0435\u0434\u0443\u0440\u0443\" \/><input type=\"hidden\" class=\"wpcf7-form-control wpcf7-hidden\" name=\"hidden-956\" placeholder=\"\" value=\"Laser removal of warts\" \/>\n\t\t<\/p>\n\t<\/div>\n<\/div><input type='hidden' class='wpcf7-pum' value='{\"closepopup\":false,\"closedelay\":0,\"openpopup\":false,\"openpopup_id\":0}' \/><div class=\"wpcf7-response-output\" aria-hidden=\"true\"><\/div>\n<\/form>\n<\/div>\n[\/vc_column_text][\/vc_column_inner][\/vc_row_inner][\/vc_column][\/vc_row][vc_row row_content_width=&#8220;grid&#8220;][vc_column]<div class=\"mkdf-elements-holder mkdf-one-column mkdf-responsive-mode-768\" ><div class=\"mkdf-eh-item mkdf-horizontal-alignment-center\"  data-item-class=\"mkdf-eh-custom-539407\">\n\t<div class=\"mkdf-eh-item-inner\">\n\t\t<div class=\"mkdf-eh-item-content mkdf-eh-custom-539407\" style=\"padding: 70px 0px 50px 0px\">\n\t\t\t<div class=\"mkdf-section-title-holder mkdf-st-standard mkdf-st-title-left mkdf-st-normal-space \" >\n\t<div class=\"mkdf-st-inner\">\n\t\t\t\t\t<h2 class=\"mkdf-st-title\" >\n\t\t\t\tFoto vorher und nachher\t\t\t<\/h2>\n\t\t\t\t\t<\/div>\n<\/div>[vc_empty_space]<div class=\"mkdf-image-gallery mkdf-ig-carousel-type \">\n\t<div class=\"mkdf-ig-slider mkdf-owl-slider\" data-number-of-items=\"1\" data-enable-loop=\"yes\" data-enable-autoplay=\"yes\" data-slider-speed=\"5000\" data-slider-speed-animation=\"600\" data-enable-navigation=\"yes\" data-enable-pagination=\"yes\">\n\t\t\t\t\t<div class=\"mkdf-ig-image\">\n\t\t\t\t\t\t\t\t\t<img loading=\"lazy\" decoding=\"async\" width=\"830\" height=\"397\" src=\"https:\/\/altos-klinika.cz\/wp-content\/uploads\/2021\/10\/Laserove-odstraneni-koznich-lezi_2.jpg\" class=\"attachment-full size-full\" alt=\"\" srcset=\"https:\/\/altos-klinika.cz\/wp-content\/uploads\/2021\/10\/Laserove-odstraneni-koznich-lezi_2.jpg 830w, https:\/\/altos-klinika.cz\/wp-content\/uploads\/2021\/10\/Laserove-odstraneni-koznich-lezi_2-300x143.jpg 300w, https:\/\/altos-klinika.cz\/wp-content\/uploads\/2021\/10\/Laserove-odstraneni-koznich-lezi_2-768x367.jpg 768w, https:\/\/altos-klinika.cz\/wp-content\/uploads\/2021\/10\/Laserove-odstraneni-koznich-lezi_2-630x300.jpg 630w, https:\/\/altos-klinika.cz\/wp-content\/uploads\/2021\/10\/Laserove-odstraneni-koznich-lezi_2-600x287.jpg 600w\" sizes=\"auto, (max-width: 830px) 100vw, 830px\" \/>\t\t\t\t\t\t\t<\/div>\n\t\t\t\t\t<div class=\"mkdf-ig-image\">\n\t\t\t\t\t\t\t\t\t<img loading=\"lazy\" decoding=\"async\" width=\"830\" height=\"397\" src=\"https:\/\/altos-klinika.cz\/wp-content\/uploads\/2021\/10\/Laserove-odstraneni-koznich-lezi_3.jpg\" class=\"attachment-full size-full\" alt=\"\" srcset=\"https:\/\/altos-klinika.cz\/wp-content\/uploads\/2021\/10\/Laserove-odstraneni-koznich-lezi_3.jpg 830w, https:\/\/altos-klinika.cz\/wp-content\/uploads\/2021\/10\/Laserove-odstraneni-koznich-lezi_3-300x143.jpg 300w, https:\/\/altos-klinika.cz\/wp-content\/uploads\/2021\/10\/Laserove-odstraneni-koznich-lezi_3-768x367.jpg 768w, https:\/\/altos-klinika.cz\/wp-content\/uploads\/2021\/10\/Laserove-odstraneni-koznich-lezi_3-630x300.jpg 630w, https:\/\/altos-klinika.cz\/wp-content\/uploads\/2021\/10\/Laserove-odstraneni-koznich-lezi_3-600x287.jpg 600w\" sizes=\"auto, (max-width: 830px) 100vw, 830px\" \/>\t\t\t\t\t\t\t<\/div>\n\t\t\t\t\t<div class=\"mkdf-ig-image\">\n\t\t\t\t\t\t\t\t\t<img loading=\"lazy\" decoding=\"async\" width=\"830\" height=\"397\" src=\"https:\/\/altos-klinika.cz\/wp-content\/uploads\/2021\/10\/Laserove-odstraneni-koznich-lezi7.jpg\" class=\"attachment-full size-full\" alt=\"\" srcset=\"https:\/\/altos-klinika.cz\/wp-content\/uploads\/2021\/10\/Laserove-odstraneni-koznich-lezi7.jpg 830w, https:\/\/altos-klinika.cz\/wp-content\/uploads\/2021\/10\/Laserove-odstraneni-koznich-lezi7-300x143.jpg 300w, https:\/\/altos-klinika.cz\/wp-content\/uploads\/2021\/10\/Laserove-odstraneni-koznich-lezi7-768x367.jpg 768w, https:\/\/altos-klinika.cz\/wp-content\/uploads\/2021\/10\/Laserove-odstraneni-koznich-lezi7-630x300.jpg 630w, https:\/\/altos-klinika.cz\/wp-content\/uploads\/2021\/10\/Laserove-odstraneni-koznich-lezi7-600x287.jpg 600w\" sizes=\"auto, (max-width: 830px) 100vw, 830px\" \/>\t\t\t\t\t\t\t<\/div>\n\t\t\t\t\t<div class=\"mkdf-ig-image\">\n\t\t\t\t\t\t\t\t\t<img loading=\"lazy\" decoding=\"async\" width=\"830\" height=\"397\" src=\"https:\/\/altos-klinika.cz\/wp-content\/uploads\/2021\/10\/Laserove-odstraneni-koznich-lezi8.jpg\" class=\"attachment-full size-full\" alt=\"\" srcset=\"https:\/\/altos-klinika.cz\/wp-content\/uploads\/2021\/10\/Laserove-odstraneni-koznich-lezi8.jpg 830w, https:\/\/altos-klinika.cz\/wp-content\/uploads\/2021\/10\/Laserove-odstraneni-koznich-lezi8-300x143.jpg 300w, https:\/\/altos-klinika.cz\/wp-content\/uploads\/2021\/10\/Laserove-odstraneni-koznich-lezi8-768x367.jpg 768w, https:\/\/altos-klinika.cz\/wp-content\/uploads\/2021\/10\/Laserove-odstraneni-koznich-lezi8-630x300.jpg 630w, https:\/\/altos-klinika.cz\/wp-content\/uploads\/2021\/10\/Laserove-odstraneni-koznich-lezi8-600x287.jpg 600w\" sizes=\"auto, (max-width: 830px) 100vw, 830px\" \/>\t\t\t\t\t\t\t<\/div>\n\t\t\t\t\t<div class=\"mkdf-ig-image\">\n\t\t\t\t\t\t\t\t\t<img loading=\"lazy\" decoding=\"async\" width=\"830\" height=\"397\" src=\"https:\/\/altos-klinika.cz\/wp-content\/uploads\/2021\/10\/Laserove-odstraneni-koznich-lezi9.jpg\" class=\"attachment-full size-full\" alt=\"\" srcset=\"https:\/\/altos-klinika.cz\/wp-content\/uploads\/2021\/10\/Laserove-odstraneni-koznich-lezi9.jpg 830w, https:\/\/altos-klinika.cz\/wp-content\/uploads\/2021\/10\/Laserove-odstraneni-koznich-lezi9-300x143.jpg 300w, https:\/\/altos-klinika.cz\/wp-content\/uploads\/2021\/10\/Laserove-odstraneni-koznich-lezi9-768x367.jpg 768w, https:\/\/altos-klinika.cz\/wp-content\/uploads\/2021\/10\/Laserove-odstraneni-koznich-lezi9-630x300.jpg 630w, https:\/\/altos-klinika.cz\/wp-content\/uploads\/2021\/10\/Laserove-odstraneni-koznich-lezi9-600x287.jpg 600w\" sizes=\"auto, (max-width: 830px) 100vw, 830px\" \/>\t\t\t\t\t\t\t<\/div>\n\t\t\t\t\t<div class=\"mkdf-ig-image\">\n\t\t\t\t\t\t\t\t\t<img loading=\"lazy\" decoding=\"async\" width=\"830\" height=\"397\" src=\"https:\/\/altos-klinika.cz\/wp-content\/uploads\/2021\/10\/Laserove-odstraneni-koznich-lezi_1-1.jpg\" class=\"attachment-full size-full\" alt=\"\" srcset=\"https:\/\/altos-klinika.cz\/wp-content\/uploads\/2021\/10\/Laserove-odstraneni-koznich-lezi_1-1.jpg 830w, https:\/\/altos-klinika.cz\/wp-content\/uploads\/2021\/10\/Laserove-odstraneni-koznich-lezi_1-1-300x143.jpg 300w, https:\/\/altos-klinika.cz\/wp-content\/uploads\/2021\/10\/Laserove-odstraneni-koznich-lezi_1-1-768x367.jpg 768w, https:\/\/altos-klinika.cz\/wp-content\/uploads\/2021\/10\/Laserove-odstraneni-koznich-lezi_1-1-630x300.jpg 630w, https:\/\/altos-klinika.cz\/wp-content\/uploads\/2021\/10\/Laserove-odstraneni-koznich-lezi_1-1-600x287.jpg 600w\" sizes=\"auto, (max-width: 830px) 100vw, 830px\" \/>\t\t\t\t\t\t\t<\/div>\n\t\t\t<\/div>\n<\/div>\t\t<\/div>\n\t<\/div>\n<\/div><\/div>[\/vc_column][\/vc_row][vc_row content_placement=&#8220;middle&#8220; css=&#8220;.vc_custom_1632529364693{background-color: #fafafa !important;}&#8220;][vc_column]<div class=\"mkdf-elements-holder mkdf-one-column mkdf-responsive-mode-768\" style=\"background-color:#fafafa;\"><div class=\"mkdf-eh-item mkdf-horizontal-alignment-center\"  data-item-class=\"mkdf-eh-custom-743693\">\n\t<div class=\"mkdf-eh-item-inner\">\n\t\t<div class=\"mkdf-eh-item-content mkdf-eh-custom-743693\" style=\"padding: 20px 0 0 0\">\n\t\t\t<div class=\"mkdf-section-title-holder mkdf-st-standard mkdf-st-title-left mkdf-st-normal-space \" style=\"text-align: center\">\n\t<div class=\"mkdf-st-inner\">\n\t\t\t\t\t<h2 class=\"mkdf-st-title\" >\n\t\t\t\tPreisliste\t\t\t<\/h2>\n\t\t\t\t\t<\/div>\n<\/div>\t\t<\/div>\n\t<\/div>\n<\/div><\/div><div class=\"mkdf-elements-holder mkdf-one-column mkdf-responsive-mode-768 mkdf-one-column-alignment-center\" style=\"background-color:#fafafa;\"><div class=\"mkdf-eh-item mkdf-horizontal-alignment-center\"  data-item-class=\"mkdf-eh-custom-977762\" data-1280-1600=\"40px 100px 20px 100px\" data-1024-1280=\"40px 50px 20px 50px\" data-768-1024=\"40px 50px 20px 50px\" data-600-768=\"20px 30px 20px 30px\" data-480-600=\"20px 30px 20px 30px\" data-480=\"20px 30px 20px 30px\">\n\t<div class=\"mkdf-eh-item-inner\">\n\t\t<div class=\"mkdf-eh-item-content mkdf-eh-custom-977762\" style=\"padding: 40px 200px 20px 200px\">\n\t\t\t<div class=\"mkdf-pricing-tables clearfix  mkdf-two-columns mkdf-pt-normal-space\"><div class=\"mkdf-pt-wrapper\"><div class=\"mkdf-price-table\">\n\t<div class=\"mkdf-pt-inner\" style=\"background-color: #ffffff\">\n\t\t\t\t<ul>\n\t\t\t<li class=\"mkdf-pt-title-holder\">\n\t\t\t\t<span class=\"mkdf-pt-title\" style=\"border-color: #13bfb1\">Beratungsgespr\u00e4ch<\/span>\n\t\t\t<\/li>\n\t\t\t<li class=\"mkdf-pt-prices\">\n\t\t\t\t<sup class=\"mkdf-pt-value\" >K\u010d<\/sup>\n\t\t\t\t<span class=\"mkdf-pt-price\" >1 500<\/span>\n\t\t\t\t<h6 class=\"mkdf-pt-mark\" >30 Minuten<\/h6>\n\t\t\t<\/li>\n\t\t\t<li class=\"mkdf-pt-content\">\n\t\t\t\tIm Falle einer Behandlung kostenlose Beratung\t\t\t<\/li>\n\t\t\t\t\t\t\t<li class=\"mkdf-pt-button\">\n\t\t\t\t\t<a itemprop=\"url\" href=\"https:\/\/altos-klinika.cz\/en\/book-an-appointment\/?balname=Consultation%20Laser%20removal%20of%20warts\" target=\"_self\"  class=\"mkdf-btn mkdf-btn-large mkdf-btn-solid mkdf-btn-solid-dark\"  >    <span class=\"mkdf-btn-text\">Vereinbare einen Termin<\/span>    <span class=\"mkdf-btn-icon-holder\">        <span class=\"mkdf-btn-icon-normal\" ><\/span>        <span class=\"mkdf-btn-icon-flip\" ><\/span>    <\/span><\/a>\t\t\t\t<\/li>\t\t\t\t\n\t\t\t\t\t<\/ul>\n\t<\/div>\n<\/div><div class=\"mkdf-price-table\">\n\t<div class=\"mkdf-pt-inner\" style=\"background-color: #ffffff\">\n\t\t\t\t<ul>\n\t\t\t<li class=\"mkdf-pt-title-holder\">\n\t\t\t\t<span class=\"mkdf-pt-title\" style=\"border-color: #13bfb1\">1 Behandlung<\/span>\n\t\t\t<\/li>\n\t\t\t<li class=\"mkdf-pt-prices\">\n\t\t\t\t<sup class=\"mkdf-pt-value\" >K\u010d<\/sup>\n\t\t\t\t<span class=\"mkdf-pt-price\" >ab 2 500<\/span>\n\t\t\t\t<h6 class=\"mkdf-pt-mark\" >1 Behandlung<\/h6>\n\t\t\t<\/li>\n\t\t\t<li class=\"mkdf-pt-content\">\n\t\t\t\tDer Preis h\u00e4ngt von der Gr\u00f6\u00dfe ab\t\t\t<\/li>\n\t\t\t\t\t\t\t<li class=\"mkdf-pt-button\">\n\t\t\t\t\t<a itemprop=\"url\" href=\"https:\/\/altos-klinika.cz\/en\/book-an-appointment\/?balname=Laser%20removal%20of%20warts\" target=\"_self\"  class=\"mkdf-btn mkdf-btn-large mkdf-btn-solid mkdf-btn-solid-dark\"  >    <span class=\"mkdf-btn-text\">Vereinbare einen Termin<\/span>    <span class=\"mkdf-btn-icon-holder\">        <span class=\"mkdf-btn-icon-normal\" ><\/span>        <span class=\"mkdf-btn-icon-flip\" ><\/span>    <\/span><\/a>\t\t\t\t<\/li>\t\t\t\t\n\t\t\t\t\t<\/ul>\n\t<\/div>\n<\/div><\/div><\/div>\t\t<\/div>\n\t<\/div>\n<\/div><\/div>[\/vc_column][\/vc_row][vc_row row_content_width=&#8220;grid&#8220; css=&#8220;.vc_custom_1632239210797{padding-top: 70px !important;}&#8220;][vc_column offset=&#8220;vc_col-lg-12&#8243; css=&#8220;.vc_custom_1632140768248{margin-top: -8px !important;}&#8220;]<div class=\"mkdf-section-title-holder mkdf-st-standard mkdf-st-title-left mkdf-st-normal-space \" style=\"text-align: center\">\n\t<div class=\"mkdf-st-inner\">\n\t\t\t\t\t<h2 class=\"mkdf-st-title\" >\n\t\t\t\tWie funktioniert die <span class=\"mkdf-st-title-bold\">Laserentfernung<\/span> von Warzen?\t\t\t<\/h2>\n\t\t\t\t\t<\/div>\n<\/div>[vc_empty_space height=&#8220;9px&#8220;][vc_column_text]Der Laserstrahl des Gef\u00e4\u00dflasers lokalisiert sich selbst, weil er im Blutfarbstoff H\u00e4moglobin absorbiert wird. Der Laserstrahl sch\u00e4digt das umliegende Gewebe nicht. Im Inneren des Gef\u00e4\u00dfes wird die im H\u00e4moglobin absorbierte Laserenergie in W\u00e4rmeenergie umgewandelt, was zur Verdunstung der Warze f\u00fchrt. Der Hauptvorteil besteht darin, dass bei dieser Behandlung keine Blutungen auftreten, sich nach der Prozedur ein kleiner Schorf bildet und nach dem Abl\u00f6sen eine fast unsichtbare Narbe.[\/vc_column_text][\/vc_column][\/vc_row][vc_row row_content_width=&#8220;grid&#8220;][vc_column]<div class=\"mkdf-elements-holder mkdf-two-columns mkdf-responsive-mode-768\" ><div class=\"mkdf-eh-item mkdf-vertical-alignment-top\"  data-item-class=\"mkdf-eh-custom-103062\" data-1280-1600=\"70px 30px 50px 0\" data-1024-1280=\"70px 30px 50px 0\" data-768-1024=\"70px 30px 50px 0\" data-600-768=\"70px 0px 50px 0\" data-480-600=\"70px 0px 50px 0\" data-480=\"70px 0px 50px 0\">\n\t<div class=\"mkdf-eh-item-inner\">\n\t\t<div class=\"mkdf-eh-item-content mkdf-eh-custom-103062\" style=\"padding: 70px 30px 50px 0\">\n\t\t\t<div class=\"mkdf-section-title-holder mkdf-st-standard mkdf-st-title-left mkdf-st-normal-space \" >\n\t<div class=\"mkdf-st-inner\">\n\t\t\t\t\t<h2 class=\"mkdf-st-title\" >\n\t\t\t\tVor der Prozedur\t\t\t<\/h2>\n\t\t\t\t\t<\/div>\n<\/div>[vc_empty_space height=&#8220;25px&#8220;][vc_column_text]Vor jeder Prozedur ist eine professionelle Beratung mit einem Arzt erforderlich. Es ist immer notwendig, die Art der Hautbildung zu bestimmen und das Verfahren zur Entfernung genau zu gestalten. Alle Wucherungen oder Warzen sollten sorgf\u00e4ltig mit einem Dermatoskop untersucht werden.[\/vc_column_text]\t\t<\/div>\n\t<\/div>\n<\/div><div class=\"mkdf-eh-item mkdf-vertical-alignment-top\"  data-item-class=\"mkdf-eh-custom-578641\" data-1280-1600=\"70px 30px 50px 0\" data-1024-1280=\"70px 30px 50px 0\" data-768-1024=\"70px 30px 50px 0\" data-600-768=\"70px 0px 50px 0\" data-480-600=\"70px 0px 50px 0\" data-480=\"70px 0px 50px 0\">\n\t<div class=\"mkdf-eh-item-inner\">\n\t\t<div class=\"mkdf-eh-item-content mkdf-eh-custom-578641\" style=\"padding: 70px 30px 50px 0\">\n\t\t\t<div class=\"mkdf-section-title-holder mkdf-st-standard mkdf-st-title-left mkdf-st-normal-space \" >\n\t<div class=\"mkdf-st-inner\">\n\t\t\t\t\t<h2 class=\"mkdf-st-title\" >\n\t\t\t\tRegeneration\t\t\t<\/h2>\n\t\t\t\t\t<\/div>\n<\/div>[vc_column_text]F\u00fcr eine schnelle Heilung und gute Regeneration sorgen Sie mit hochwertigen Hochfilter-Sonnenschutzmitteln f\u00fcr einen dauerhaften Sonnenschutz. Unmittelbar nach der Prozedur k\u00f6nnen R\u00f6tungen an der behandelten Stelle auftreten, es k\u00f6nnen sich kleine Krusten bilden, die nach ca. 1 Woche verschwinden. Es wird nicht empfohlen, etwa eine Woche lang im Pool oder in der Sauna zu schwimmen. In einigen F\u00e4llen ist es notwendig, die Prozedur zu wiederholen.[\/vc_column_text][vc_empty_space height=&#8220;25px&#8220;]\t\t<\/div>\n\t<\/div>\n<\/div><\/div>[\/vc_column][\/vc_row][vc_row css=&#8220;.vc_custom_1632322238998{padding-top: 50px !important;}&#8220;][vc_column css=&#8220;.vc_custom_1492767171698{padding-top: 0px !important;}&#8220;]<div class=\"mkdf-elements-holder mkdf-two-columns mkdf-responsive-mode-768\" ><div class=\"mkdf-eh-item \" style=\"background-image: url(https:\/\/altos-klinika.cz\/wp-content\/uploads\/2021\/09\/doctor-man-consulting-patient-while-filling-up-application-form-desk-hospital-scaled.jpg)\" data-item-class=\"mkdf-eh-custom-311784\" data-600-768=\"260px 0\" data-480-600=\"200px 0\" data-480=\"200px 0\">\n\t<div class=\"mkdf-eh-item-inner\">\n\t\t<div class=\"mkdf-eh-item-content mkdf-eh-custom-311784\" >\n\t\t\t\t\t<\/div>\n\t<\/div>\n<\/div><div class=\"mkdf-eh-item \"  data-item-class=\"mkdf-eh-custom-736555\" data-1280-1600=\"110px 15% 120px 15%\" data-1024-1280=\"100px 13% 105px 14%\" data-768-1024=\"75px 11% 90px 10%\" data-600-768=\"75px 11% 90px 10%\" data-480-600=\"60px 10% 85px 10%\" data-480=\"60px 10% 85px 10%\">\n\t<div class=\"mkdf-eh-item-inner\">\n\t\t<div class=\"mkdf-eh-item-content mkdf-eh-custom-736555\" style=\"padding: 100px 19% 100px 16%\">\n\t\t\t<div class=\"mkdf-section-title-holder mkdf-st-standard mkdf-st-title-left mkdf-st-normal-space \" >\n\t<div class=\"mkdf-st-inner\">\n\t\t\t\t\t<h2 class=\"mkdf-st-title\" >\n\t\t\t\tKontraindikation\t\t\t<\/h2>\n\t\t\t\t\t<\/div>\n<\/div>[vc_empty_space height=&#8220;25px&#8220;][vc_column_text]<\/p>\n<ul>\n<li>chronische somatische Erkrankungen<\/li>\n<li>ansteckende und entz\u00fcndliche Erkrankungen<\/li>\n<li>onkologische Erkrankungen<\/li>\n<li>Schwangerschaft<\/li>\n<li>gebr\u00e4unte Haut<\/li>\n<li>Epilepsie<\/li>\n<li>Herpes<\/li>\n<\/ul>\n<p>[\/vc_column_text]\t\t<\/div>\n\t<\/div>\n<\/div><\/div><div class=\"mkdf-elements-holder mkdf-two-columns mkdf-responsive-mode-768\" ><div class=\"mkdf-eh-item \"  data-item-class=\"mkdf-eh-custom-868168\" data-1280-1600=\"80px 8% 80px 7%\" data-1024-1280=\"80px 8% 80px 7%\" data-768-1024=\"80px 8% 80px 7%\" data-600-768=\"0px 5% 20px 5%\" data-480-600=\"0px 10% 85px 10%\" data-480=\"0px 10% 85px 10%\">\n\t<div class=\"mkdf-eh-item-inner\">\n\t\t<div class=\"mkdf-eh-item-content mkdf-eh-custom-868168\" style=\"padding: 80px 8% 80px 7%\">\n\t\t\t<div class=\"mkdf-section-title-holder mkdf-st-standard mkdf-st-title-left mkdf-st-normal-space \" >\n\t<div class=\"mkdf-st-inner\">\n\t\t\t\t\t<h2 class=\"mkdf-st-title\" >\n\t\t\t\tVerwendete Laser\t\t\t<\/h2>\n\t\t\t\t\t<\/div>\n<\/div>[vc_empty_space height=&#8220;25px&#8220;][vc_column_text]In unserer Klinik wird die Prozedur mit einem SmartXide2 CO2 Fraktionslaser des italienischen Herstellers DEKA durchgef\u00fchrt. Das SmartXide2-System ist eine echte Innovation und die einzige Plattform auf dem Markt, die mit CO2- und Diodenlasern ausgestattet ist, was den Einsatz in vielen medizinischen Bereichen erm\u00f6glicht. Dies ist das Ergebnis der Entwicklung der RF CO2 Laserquelle, die mit der einzigartigen PSD\u00ae (Pulse Shape Design) Technologie ausgestattet ist. Durch die Nutzung der synergistischen Effekte eines CO2 Lasers und einer Radiofrequenz (RF)-Wellenquelle kann der innovative HiScan DOT \/ RF alle Hautschichten erreichen.[\/vc_column_text]\t\t<\/div>\n\t<\/div>\n<\/div><div class=\"mkdf-eh-item \" style=\"background-image: url(https:\/\/altos-klinika.cz\/wp-content\/uploads\/2021\/09\/MG_0068_low.jpg)\" data-item-class=\"mkdf-eh-custom-878837\" data-600-768=\"260px 0\" data-480-600=\"200px 0\" data-480=\"200px 0\">\n\t<div class=\"mkdf-eh-item-inner\">\n\t\t<div class=\"mkdf-eh-item-content mkdf-eh-custom-878837\" >\n\t\t\t\t\t<\/div>\n\t<\/div>\n<\/div><\/div>[\/vc_column][\/vc_row]<\/p>\n","protected":false},"excerpt":{"rendered":"<p>[vc_row row_content_width=&#8220;grid&#8220; css=&#8220;.vc_custom_1632239210797{padding-top: 70px !important;}&#8220;][vc_column offset=&#8220;vc_col-lg-12&#8243; css=&#8220;.vc_custom_1632140768248{margin-top: -8px !important;}&#8220;][vc_empty_space height=&#8220;9px&#8220;][vc_column_text]Warzen sind unangenehme Gebilde am K\u00f6rper, die nebeneinander oder eher getrennt gruppiert sind. Sie sind nicht gef\u00e4hrlich, aber vor allem h\u00e4sslich. In unserer Klinik entfernen wir Warzen mit einem Gef\u00e4\u00dflaser. Sowohl [&hellip;]<\/p>\n","protected":false},"author":1,"featured_media":0,"parent":0,"menu_order":0,"comment_status":"closed","ping_status":"closed","template":"full-width.php","meta":{"footnotes":""},"class_list":["post-18017","page","type-page","status-publish","hentry"],"acf":[],"_links":{"self":[{"href":"https:\/\/altos-klinika.cz\/de\/wp-json\/wp\/v2\/pages\/18017","targetHints":{"allow":["GET"]}}],"collection":[{"href":"https:\/\/altos-klinika.cz\/de\/wp-json\/wp\/v2\/pages"}],"about":[{"href":"https:\/\/altos-klinika.cz\/de\/wp-json\/wp\/v2\/types\/page"}],"author":[{"embeddable":true,"href":"https:\/\/altos-klinika.cz\/de\/wp-json\/wp\/v2\/users\/1"}],"replies":[{"embeddable":true,"href":"https:\/\/altos-klinika.cz\/de\/wp-json\/wp\/v2\/comments?post=18017"}],"version-history":[{"count":5,"href":"https:\/\/altos-klinika.cz\/de\/wp-json\/wp\/v2\/pages\/18017\/revisions"}],"predecessor-version":[{"id":22553,"href":"https:\/\/altos-klinika.cz\/de\/wp-json\/wp\/v2\/pages\/18017\/revisions\/22553"}],"wp:attachment":[{"href":"https:\/\/altos-klinika.cz\/de\/wp-json\/wp\/v2\/media?parent=18017"}],"curies":[{"name":"wp","href":"https:\/\/api.w.org\/{rel}","templated":true}]}}