{"id":18022,"date":"2021-11-17T15:03:21","date_gmt":"2021-11-17T15:03:21","guid":{"rendered":"https:\/\/altos-klinika.cz\/laser-scar-correction\/"},"modified":"2025-02-23T09:21:35","modified_gmt":"2025-02-23T09:21:35","slug":"laser-scar-correction","status":"publish","type":"page","link":"https:\/\/altos-klinika.cz\/de\/laser-scar-correction\/","title":{"rendered":"Laser removal of stretch marks and scars"},"content":{"rendered":"<p>[vc_row row_content_width=&#8220;grid&#8220; css=&#8220;.vc_custom_1632239210797{padding-top: 70px !important;}&#8220;][vc_column offset=&#8220;vc_col-lg-12&#8243; css=&#8220;.vc_custom_1632140768248{margin-top: -8px !important;}&#8220;]<div class=\"mkdf-section-title-holder mkdf-st-standard mkdf-st-title-left mkdf-st-normal-space \" style=\"text-align: center\">\n\t<div class=\"mkdf-st-inner\">\n\t\t\t\t\t<h1 class=\"mkdf-st-title\" >\n\t\t\t\t<span class=\"mkdf-st-title-light\">Laserentfernung<\/span> <span class=\"mkdf-st-title-light\">von<\/span> Dehnungsstreifen und Narben\t\t\t<\/h1>\n\t\t\t\t\t<\/div>\n<\/div>[vc_empty_space height=&#8220;9px&#8220;][vc_column_text]Narben und Dehnungsstreifen geh\u00f6ren zu den \u00e4sthetischen Unannehmlichkeiten des K\u00f6rpers, die viele Menschen st\u00f6ren. Moderne Laserverfahren k\u00f6nnen trotz ihres unterschiedlichen Alters beide Probleme bew\u00e4ltigen. Auch bei gro\u00dffl\u00e4chigeren Narben nach Operationen oder Keloiden erzielen wir mit dieser Behandlungsform gute Ergebnisse. Es muss erw\u00e4hnt werden, dass das Aussehen der Narbe oft durch eine genetische Veranlagung beeinflusst wird. Wir verwenden einen Biostimulationslaser als zus\u00e4tzliche Behandlung, um Dehnungsstreifen und Narben zu reduzieren, aber die effektivste Behandlung bietet der CO2-Fraktionslaser. Die Entfernung von Lasernarben ist eine invasive Prozedur, die die Integrit\u00e4t der Haut verletzt. Daher geh\u00f6rt die Umsetzung nur in die H\u00e4nde erfahrener Mitarbeiter. Um optimale Ergebnisse bei der Heilung von Narben oder Dehnungsstreifen zu erzielen, ist es ratsam, mehrere Sitzungen durchzuf\u00fchren, immer nach Empfehlung des behandelnden Arztes[\/vc_column_text][vc_empty_space height=&#8220;30px&#8220;][\/vc_column][\/vc_row][vc_row full_width=&#8220;stretch_row&#8220; css=&#8220;.vc_custom_1638118773359{background-color: rgba(78,109,204,0.07) !important;*background-color: rgb(78,109,204) !important;}&#8220; simple_background_color=&#8220;rgba(78,109,204,0.07)&#8220;][vc_column][vc_row_inner row_content_width=&#8220;grid&#8220;][vc_column_inner][vc_column_text]\n<div class=\"wpcf7 no-js\" id=\"wpcf7-f17975-o1\" lang=\"en-US\" dir=\"ltr\" data-wpcf7-id=\"17975\">\n<div class=\"screen-reader-response\"><p role=\"status\" aria-live=\"polite\" aria-atomic=\"true\"><\/p> <ul><\/ul><\/div>\n<form action=\"\/de\/wp-json\/wp\/v2\/pages\/18022#wpcf7-f17975-o1\" method=\"post\" class=\"wpcf7-form init inline-form\" aria-label=\"Contact form\" novalidate=\"novalidate\" data-status=\"init\">\n<div style=\"display: none;\">\n<input type=\"hidden\" name=\"_wpcf7\" value=\"17975\" \/>\n<input type=\"hidden\" name=\"_wpcf7_version\" value=\"6.0.4\" \/>\n<input type=\"hidden\" name=\"_wpcf7_locale\" value=\"en_US\" \/>\n<input type=\"hidden\" name=\"_wpcf7_unit_tag\" value=\"wpcf7-f17975-o1\" \/>\n<input type=\"hidden\" name=\"_wpcf7_container_post\" value=\"0\" \/>\n<input type=\"hidden\" name=\"_wpcf7_posted_data_hash\" value=\"\" \/>\n<input type=\"hidden\" name=\"_wpcf7_recaptcha_response\" value=\"\" \/>\n<\/div>\n<h2>Vereinbare einen Termin\n<\/h2>\n<div class=\"jq-row jq-inline-form\">\n\t<div class=\"fields-col jq-row\">\n\t\t<div class=\"jq-col-33\">\n\t\t\t<p><span class=\"wpcf7-form-control-wrap\" data-name=\"your-name\"><input size=\"40\" maxlength=\"400\" class=\"wpcf7-form-control wpcf7-text wpcf7-validates-as-required\" aria-required=\"true\" aria-invalid=\"false\" placeholder=\"Ihren Namen\" value=\"\" type=\"text\" name=\"your-name\" \/><\/span>\n\t\t\t<\/p>\n\t\t<\/div>\n\t\t<div class=\"jq-col-33\">\n\t\t\t<p><span class=\"wpcf7-form-control-wrap\" data-name=\"your-email\"><input size=\"40\" maxlength=\"400\" class=\"wpcf7-form-control wpcf7-email wpcf7-validates-as-required wpcf7-text wpcf7-validates-as-email\" aria-required=\"true\" aria-invalid=\"false\" placeholder=\"Email\" value=\"\" type=\"email\" name=\"your-email\" \/><\/span>\n\t\t\t<\/p>\n\t\t<\/div>\n\t\t<div class=\"jq-col-33\">\n\t\t\t<p><span class=\"wpcf7-form-control-wrap\" data-name=\"your-tel\"><input size=\"40\" maxlength=\"400\" class=\"wpcf7-form-control wpcf7-tel wpcf7-text wpcf7-validates-as-tel\" aria-invalid=\"false\" placeholder=\"+420 *** *** ***\" value=\"\" type=\"tel\" name=\"your-tel\" \/><\/span>\n\t\t\t<\/p>\n\t\t<\/div>\n\t\t<div class=\"jq-col-100\">\n\t\t\t<p><span class=\"wpcf7-form-control-wrap\" data-name=\"acceptance\"><span class=\"wpcf7-form-control wpcf7-acceptance\"><span class=\"wpcf7-list-item\"><label><input type=\"checkbox\" name=\"acceptance\" value=\"1\" aria-invalid=\"false\" \/><span class=\"wpcf7-list-item-label\">Ich stimme der <a href=\"https:\/\/altos-klinika.cz\/en\/terms-of-use\/\" target=\"_blank\">Verarbeitung meiner personenbezogenen Daten zu<\/a>.<\/span><\/label><\/span><\/span><\/span>\n\t\t\t<\/p>\n\t\t<\/div>\n\t<\/div>\n\t<div class=\"button-col\">\n\t\t<p><input class=\"wpcf7-form-control wpcf7-submit has-spinner\" type=\"submit\" value=\"Senden\" \/><input type=\"hidden\" class=\"wpcf7-form-control wpcf7-hidden\" name=\"your-subject\" placeholder=\"\" value=\"DE \u0417\u0430\u043f\u0438\u0441\u044c \u043d\u0430 \u043f\u0440\u043e\u0446\u0435\u0434\u0443\u0440\u0443\" \/><input type=\"hidden\" class=\"wpcf7-form-control wpcf7-hidden\" name=\"hidden-956\" placeholder=\"\" value=\"Laser removal of stretch marks and scars\" \/>\n\t\t<\/p>\n\t<\/div>\n<\/div><input type='hidden' class='wpcf7-pum' value='{\"closepopup\":false,\"closedelay\":0,\"openpopup\":false,\"openpopup_id\":0}' \/><div class=\"wpcf7-response-output\" aria-hidden=\"true\"><\/div>\n<\/form>\n<\/div>\n[\/vc_column_text][\/vc_column_inner][\/vc_row_inner][\/vc_column][\/vc_row][vc_row][vc_column]<div class=\"mkdf-elements-holder mkdf-one-column mkdf-responsive-mode-768\" ><div class=\"mkdf-eh-item mkdf-horizontal-alignment-center\"  data-item-class=\"mkdf-eh-custom-768616\" data-1280-1600=\"70px 350px 50px 350px\" data-1024-1280=\"70px 350px 50px 350px\" data-768-1024=\"70px 50px 50px 50px\" data-600-768=\"70px 0px 50px 0px\" data-480-600=\"70px 0px 50px 0px\" data-480=\"70px 0px 50px 0px\">\n\t<div class=\"mkdf-eh-item-inner\">\n\t\t<div class=\"mkdf-eh-item-content mkdf-eh-custom-768616\" style=\"padding: 70px 350px 50px 350px\">\n\t\t\t<div class=\"mkdf-section-title-holder mkdf-st-standard mkdf-st-title-left mkdf-st-normal-space \" >\n\t<div class=\"mkdf-st-inner\">\n\t\t\t\t\t<h2 class=\"mkdf-st-title\" >\n\t\t\t\tFoto vorher und nachher\t\t\t<\/h2>\n\t\t\t\t\t<\/div>\n<\/div>[vc_empty_space]<div class=\"mkdf-image-gallery mkdf-ig-carousel-type mkdf-image-behavior-zoom\">\n\t<div class=\"mkdf-ig-slider mkdf-owl-slider\" data-number-of-items=\"1\" data-enable-loop=\"yes\" data-enable-autoplay=\"yes\" data-slider-speed=\"5000\" data-slider-speed-animation=\"600\" data-enable-navigation=\"yes\" data-enable-pagination=\"yes\">\n\t\t\t\t\t<div class=\"mkdf-ig-image\">\n\t\t\t\t\t\t\t\t\t<img loading=\"lazy\" decoding=\"async\" width=\"830\" height=\"397\" src=\"https:\/\/altos-klinika.cz\/wp-content\/uploads\/2021\/09\/Laserovy-resurfacing_4.jpg\" class=\"attachment-full size-full\" alt=\"\" srcset=\"https:\/\/altos-klinika.cz\/wp-content\/uploads\/2021\/09\/Laserovy-resurfacing_4.jpg 830w, https:\/\/altos-klinika.cz\/wp-content\/uploads\/2021\/09\/Laserovy-resurfacing_4-300x143.jpg 300w, https:\/\/altos-klinika.cz\/wp-content\/uploads\/2021\/09\/Laserovy-resurfacing_4-768x367.jpg 768w, https:\/\/altos-klinika.cz\/wp-content\/uploads\/2021\/09\/Laserovy-resurfacing_4-630x300.jpg 630w, https:\/\/altos-klinika.cz\/wp-content\/uploads\/2021\/09\/Laserovy-resurfacing_4-600x287.jpg 600w\" sizes=\"auto, (max-width: 830px) 100vw, 830px\" \/>\t\t\t\t\t\t\t<\/div>\n\t\t\t<\/div>\n<\/div>\t\t<\/div>\n\t<\/div>\n<\/div><\/div>[\/vc_column][\/vc_row][vc_row content_placement=&#8220;middle&#8220; css=&#8220;.vc_custom_1632529364693{background-color: #fafafa !important;}&#8220;][vc_column]<div class=\"mkdf-elements-holder mkdf-one-column mkdf-responsive-mode-768\" style=\"background-color:#fafafa;\"><div class=\"mkdf-eh-item mkdf-horizontal-alignment-center\"  data-item-class=\"mkdf-eh-custom-622077\">\n\t<div class=\"mkdf-eh-item-inner\">\n\t\t<div class=\"mkdf-eh-item-content mkdf-eh-custom-622077\" style=\"padding: 20px 0 0 0\">\n\t\t\t<div class=\"mkdf-section-title-holder mkdf-st-standard mkdf-st-title-left mkdf-st-normal-space \" style=\"text-align: center\">\n\t<div class=\"mkdf-st-inner\">\n\t\t\t\t\t<h2 class=\"mkdf-st-title\" >\n\t\t\t\tPreisliste\t\t\t<\/h2>\n\t\t\t\t\t<\/div>\n<\/div>\t\t<\/div>\n\t<\/div>\n<\/div><\/div><div class=\"mkdf-elements-holder mkdf-one-column mkdf-responsive-mode-768 mkdf-one-column-alignment-center\" style=\"background-color:#fafafa;\"><div class=\"mkdf-eh-item mkdf-horizontal-alignment-center\"  data-item-class=\"mkdf-eh-custom-295897\" data-1280-1600=\"40px 100px 70px 100px\" data-1024-1280=\"40px 50px 70px 50px\" data-768-1024=\"40px 50px 50px 50px\" data-600-768=\"20px 30px 50px 30px\" data-480-600=\"20px 30px 20px 30px\" data-480=\"20px 30px 20px 30px\">\n\t<div class=\"mkdf-eh-item-inner\">\n\t\t<div class=\"mkdf-eh-item-content mkdf-eh-custom-295897\" style=\"padding: 40px 200px 70px 200px\">\n\t\t\t<div class=\"mkdf-pricing-tables clearfix  mkdf-three-columns mkdf-pt-normal-space\"><div class=\"mkdf-pt-wrapper\"><div class=\"mkdf-price-table\">\n\t<div class=\"mkdf-pt-inner\" style=\"background-color: #ffffff\">\n\t\t\t\t<ul>\n\t\t\t<li class=\"mkdf-pt-title-holder\">\n\t\t\t\t<span class=\"mkdf-pt-title\" style=\"border-color: #13bfb1\">Beratungsgespr\u00e4ch<\/span>\n\t\t\t<\/li>\n\t\t\t<li class=\"mkdf-pt-prices\">\n\t\t\t\t<sup class=\"mkdf-pt-value\" >K\u010d<\/sup>\n\t\t\t\t<span class=\"mkdf-pt-price\" >1 500<\/span>\n\t\t\t\t<h6 class=\"mkdf-pt-mark\" >30 Minuten<\/h6>\n\t\t\t<\/li>\n\t\t\t<li class=\"mkdf-pt-content\">\n\t\t\t\tIm Falle einer Behandlung kostenlose Beratung\t\t\t<\/li>\n\t\t\t\t\t\t\t<li class=\"mkdf-pt-button\">\n\t\t\t\t\t<a itemprop=\"url\" href=\"https:\/\/altos-klinika.cz\/en\/book-an-appointment\/?balname=Consultation%20Laser%20removal%20of%20stretch%20marks%20and%20scars\" target=\"_self\"  class=\"mkdf-btn mkdf-btn-large mkdf-btn-solid mkdf-btn-solid-dark\"  >    <span class=\"mkdf-btn-text\">Vereinbare einen Termin<\/span>    <span class=\"mkdf-btn-icon-holder\">        <span class=\"mkdf-btn-icon-normal\" ><\/span>        <span class=\"mkdf-btn-icon-flip\" ><\/span>    <\/span><\/a>\t\t\t\t<\/li>\t\t\t\t\n\t\t\t\t\t<\/ul>\n\t<\/div>\n<\/div><div class=\"mkdf-price-table\">\n\t<div class=\"mkdf-pt-inner\" style=\"background-color: #ffffff\">\n\t\t\t\t<ul>\n\t\t\t<li class=\"mkdf-pt-title-holder\">\n\t\t\t\t<span class=\"mkdf-pt-title\" style=\"border-color: #13bfb1\">1 Behandlung<\/span>\n\t\t\t<\/li>\n\t\t\t<li class=\"mkdf-pt-prices\">\n\t\t\t\t<sup class=\"mkdf-pt-value\" >K\u010d<\/sup>\n\t\t\t\t<span class=\"mkdf-pt-price\" >ab 4 900<\/span>\n\t\t\t\t<h6 class=\"mkdf-pt-mark\" >1 Behandlung<\/h6>\n\t\t\t<\/li>\n\t\t\t<li class=\"mkdf-pt-content\">\n\t\t\t\t<em>* Abh\u00e4ngig von der Gr\u00f6\u00dfe der behandelten Fl\u00e4che.<\/em>\t\t\t<\/li>\n\t\t\t\t\t\t\t<li class=\"mkdf-pt-button\">\n\t\t\t\t\t<a itemprop=\"url\" href=\"https:\/\/altos-klinika.cz\/en\/book-an-appointment\/?balname=Laser%20removal%20of%20scars\" target=\"_self\"  class=\"mkdf-btn mkdf-btn-large mkdf-btn-solid mkdf-btn-solid-dark\"  >    <span class=\"mkdf-btn-text\">Vereinbare einen Termin<\/span>    <span class=\"mkdf-btn-icon-holder\">        <span class=\"mkdf-btn-icon-normal\" ><\/span>        <span class=\"mkdf-btn-icon-flip\" ><\/span>    <\/span><\/a>\t\t\t\t<\/li>\t\t\t\t\n\t\t\t\t\t<\/ul>\n\t<\/div>\n<\/div><div class=\"mkdf-price-table\">\n\t<div class=\"mkdf-pt-inner\" style=\"background-color: #ffffff\">\n\t\t\t\t<ul>\n\t\t\t<li class=\"mkdf-pt-title-holder\">\n\t\t\t\t<span class=\"mkdf-pt-title\" style=\"border-color: #13bfb1\">Behandlung von Dehnungsstreifen<\/span>\n\t\t\t<\/li>\n\t\t\t<li class=\"mkdf-pt-prices\">\n\t\t\t\t<sup class=\"mkdf-pt-value\" >K\u010d<\/sup>\n\t\t\t\t<span class=\"mkdf-pt-price\" >ab 4 900<\/span>\n\t\t\t\t<h6 class=\"mkdf-pt-mark\" >1 Behandlung<\/h6>\n\t\t\t<\/li>\n\t\t\t<li class=\"mkdf-pt-content\">\n\t\t\t\t<em>* Abh\u00e4ngig von der Gr\u00f6\u00dfe der behandelten Fl\u00e4che.<\/em>\t\t\t<\/li>\n\t\t\t\t\t\t\t<li class=\"mkdf-pt-button\">\n\t\t\t\t\t<a itemprop=\"url\" href=\"https:\/\/altos-klinika.cz\/en\/book-an-appointment\/?balname=Laser%20removal%20of%20stretch%20marks\" target=\"_self\"  class=\"mkdf-btn mkdf-btn-large mkdf-btn-solid mkdf-btn-solid-dark\"  >    <span class=\"mkdf-btn-text\">Vereinbare einen Termin<\/span>    <span class=\"mkdf-btn-icon-holder\">        <span class=\"mkdf-btn-icon-normal\" ><\/span>        <span class=\"mkdf-btn-icon-flip\" ><\/span>    <\/span><\/a>\t\t\t\t<\/li>\t\t\t\t\n\t\t\t\t\t<\/ul>\n\t<\/div>\n<\/div><\/div><\/div>[vc_column_text css=&#8220;.vc_custom_1740302492703{margin-top: 30px !important;}&#8220;]<\/p>\n<h3 style=\"text-align: center;\">Andere Methoden zur Korrektur von Narben und Dehnungsstreifen<\/h3>\n<div id=\"all-events\" class=\"ui-tabs-panel ui-corner-bottom ui-widget-content\" role=\"tabpanel\" aria-labelledby=\"ui-id-1\" aria-hidden=\"false\">\n<table class=\"tt_timetable\">\n<thead>\n<tr class=\"row_gray\">\n<th>Verfahren<\/th>\n<th>Menge<\/th>\n<th>Preis<\/th>\n<\/tr>\n<\/thead>\n<tbody>\n<tr class=\"row_1\">\n<td style=\"vertical-align: middle; text-align: left; padding: 10px; width: 50%;\">Diprosone<\/td>\n<td style=\"vertical-align: middle; text-align: left; padding: 10px;\">1 application<\/td>\n<td style=\"color: #37c7be!important; vertical-align: middle;\">4 900 K\u010d<\/td>\n<\/tr>\n<tr class=\"row_gray\">\n<td style=\"vertical-align: middle; text-align: left; padding: 10px; width: 50%;\">Microneedling<\/td>\n<td style=\"vertical-align: middle; text-align: left; padding: 10px;\">1 area<\/td>\n<td style=\"color: #37c7be!important; vertical-align: middle;\">4 900 K\u010d<\/td>\n<\/tr>\n<tr class=\"row\">\n<td style=\"vertical-align: middle; text-align: left; padding: 10px; width: 50%;\">Microneedling<\/td>\n<td style=\"vertical-align: middle; text-align: left; padding: 10px;\">package of 3 sessions<\/td>\n<td style=\"color: #37c7be!important; vertical-align: middle;\">14 990 K\u010d<\/td>\n<\/tr>\n<tr class=\"row_gray\">\n<td style=\"vertical-align: middle; text-align: left; padding: 10px; width: 50%;\">Microneedling antifibrous<\/td>\n<td style=\"vertical-align: middle; text-align: left; padding: 10px;\">1 ampoule<\/td>\n<td style=\"color: #37c7be!important; vertical-align: middle;\">4 900 K\u010d<\/td>\n<\/tr>\n<tr class=\"row\">\n<td style=\"vertical-align: middle; text-align: left; padding: 10px; width: 50%;\">Microneedling antifibrous<\/td>\n<td style=\"vertical-align: middle; text-align: left; padding: 10px;\">2 ampoules<\/td>\n<td style=\"color: #37c7be!important; vertical-align: middle;\">5 900 K\u010d<\/td>\n<\/tr>\n<tr class=\"row_gray\">\n<td style=\"vertical-align: middle; text-align: left; padding: 10px; width: 50%;\">Microneedling antifibrous<\/td>\n<td style=\"vertical-align: middle; text-align: left; padding: 10px;\">3 ampoules<\/td>\n<td style=\"color: #37c7be!important; vertical-align: middle;\">6 990 K\u010d<\/td>\n<\/tr>\n<\/tbody>\n<\/table>\n<div class=\"tt_timetable small \">\n<h5 class=\"box_header \">Procedure<\/h5>\n<ul class=\"tt_items_list thin page_margin_top timetable_clearfix\">\n<li class=\"timetable_clearfix\">\n<div class=\"event_container\">Diprosone 1 application<\/div>\n<div class=\"value\"><span class=\"start-hour\">2 850 K\u010d<\/span><\/div>\n<\/li>\n<li class=\"timetable_clearfix\">\n<div class=\"event_container\">Microneedling 1 area<\/div>\n<div class=\"value\"><span class=\"start-hour\">4 290 K\u010d<\/span><\/div>\n<\/li>\n<li class=\"timetable_clearfix\">\n<div class=\"event_container\">Microneedling package of 3 sessions<\/div>\n<div class=\"value\"><span class=\"start-hour\">10 890 K\u010d<\/span><\/div>\n<\/li>\n<li class=\"timetable_clearfix\">\n<div class=\"event_container\">Microneedling antifibrous, 1 ampoule<\/div>\n<div class=\"value\"><span class=\"start-hour\">4 290 K\u010d<\/span><\/div>\n<\/li>\n<li class=\"timetable_clearfix\">\n<div class=\"event_container\">Microneedling antifibrous, 2 ampoules<\/div>\n<div class=\"value\"><span class=\"start-hour\">5 280 K\u010d<\/span><\/div>\n<\/li>\n<li class=\"timetable_clearfix\">\n<div class=\"event_container\">Microneedling antifibrous, 3 ampoules<\/div>\n<div class=\"value\"><span class=\"start-hour\">6 190 K\u010d<\/span><\/div>\n<\/li>\n<\/ul>\n<\/div>\n<\/div>\n<p>[\/vc_column_text]\t\t<\/div>\n\t<\/div>\n<\/div><\/div>[\/vc_column][\/vc_row][vc_row row_content_width=&#8220;grid&#8220; css=&#8220;.vc_custom_1632239210797{padding-top: 70px !important;}&#8220;][vc_column offset=&#8220;vc_col-lg-12&#8243; css=&#8220;.vc_custom_1632140768248{margin-top: -8px !important;}&#8220;]<div class=\"mkdf-section-title-holder mkdf-st-standard mkdf-st-title-left mkdf-st-normal-space \" style=\"text-align: center\">\n\t<div class=\"mkdf-st-inner\">\n\t\t\t\t\t<h2 class=\"mkdf-st-title\" >\n\t\t\t\tWie werden Dehnungsstreifen <span class=\"mkdf-st-title-bold\">und<\/span> Narben mit Laser entfernt?\t\t\t<\/h2>\n\t\t\t\t\t<\/div>\n<\/div>[vc_empty_space height=&#8220;9px&#8220;][vc_column_text]Die Laserbehandlung von Narben und Dehnungsstreifen dauert einige Minuten und ist schmerzfrei. Manchmal versp\u00fcrt der Patient einen leichten Biss, bei empfindlicheren Patienten kann eine Bet\u00e4ubungscreme aufgetragen werden. Der Laser stimuliert das Gewebe und bewirkt eine Kontraktion der Narbe, wodurch die Unebenheiten gegl\u00e4ttet werden. Laserstrahlen regen die Bildung von Kollagenfasern an, was nicht nur die Wirkung verbessert, sondern auch die Elastizit\u00e4t der Haut erh\u00f6ht.[\/vc_column_text][\/vc_column][\/vc_row][vc_row row_content_width=&#8220;grid&#8220;][vc_column]<div class=\"mkdf-elements-holder mkdf-two-columns mkdf-responsive-mode-768\" ><div class=\"mkdf-eh-item mkdf-vertical-alignment-top\"  data-item-class=\"mkdf-eh-custom-780723\" data-1280-1600=\"70px 30px 50px 0\" data-1024-1280=\"70px 30px 50px 0\" data-768-1024=\"70px 30px 50px 0\" data-600-768=\"70px 0px 50px 0\" data-480-600=\"70px 0px 50px 0\" data-480=\"70px 0px 50px 0\">\n\t<div class=\"mkdf-eh-item-inner\">\n\t\t<div class=\"mkdf-eh-item-content mkdf-eh-custom-780723\" style=\"padding: 70px 30px 50px 0\">\n\t\t\t<div class=\"mkdf-section-title-holder mkdf-st-standard mkdf-st-title-left mkdf-st-normal-space \" >\n\t<div class=\"mkdf-st-inner\">\n\t\t\t\t\t<h2 class=\"mkdf-st-title\" >\n\t\t\t\tVor der Prozedur\t\t\t<\/h2>\n\t\t\t\t\t<\/div>\n<\/div>[vc_column_text]Ein pers\u00f6nlicher Arztbesuch ist immer notwendig, nur er kann empfehlen, welche Methode und wie oft sich zur Entfernung von Narben oder Dehnungsstreifen eignet[\/vc_column_text][vc_empty_space height=&#8220;25px&#8220;]\t\t<\/div>\n\t<\/div>\n<\/div><div class=\"mkdf-eh-item mkdf-vertical-alignment-top\"  data-item-class=\"mkdf-eh-custom-838687\" data-1280-1600=\"70px 30px 50px 0\" data-1024-1280=\"70px 30px 50px 0\" data-768-1024=\"70px 30px 50px 0\" data-600-768=\"70px 0px 50px 0\" data-480-600=\"70px 0px 50px 0\" data-480=\"70px 0px 50px 0\">\n\t<div class=\"mkdf-eh-item-inner\">\n\t\t<div class=\"mkdf-eh-item-content mkdf-eh-custom-838687\" style=\"padding: 70px 30px 50px 0\">\n\t\t\t<div class=\"mkdf-section-title-holder mkdf-st-standard mkdf-st-title-left mkdf-st-normal-space \" >\n\t<div class=\"mkdf-st-inner\">\n\t\t\t\t\t<h2 class=\"mkdf-st-title\" >\n\t\t\t\tRegeneration\t\t\t<\/h2>\n\t\t\t\t\t<\/div>\n<\/div>[vc_column_text]Nach dem Laserverfahren kann der Patient ein Brennen versp\u00fcren und die behandelte Stelle wird rot, diese Symptome verschwinden normalerweise innerhalb von drei Tagen. Die Narbe verblasst w\u00e4hrend der Behandlung, sie wird weniger auff\u00e4llig. Es ist jedoch immer wichtig, Ihre Haut vor der Sonne zu sch\u00fctzen und Cremes mit einem hohen Lichtschutzfaktor f\u00fcr mindestens 3 Monate nach der Prozedur zu verwenden. In vielen F\u00e4llen ist es f\u00fcr optimale Ergebnisse notwendig, den Vorgang dreimal zu wiederholen oder mit einigen anderen zu kombinieren.[\/vc_column_text][vc_empty_space height=&#8220;25px&#8220;]\t\t<\/div>\n\t<\/div>\n<\/div><\/div>[\/vc_column][\/vc_row][vc_row css=&#8220;.vc_custom_1632322238998{padding-top: 50px !important;}&#8220;][vc_column css=&#8220;.vc_custom_1492767171698{padding-top: 0px !important;}&#8220;]<div class=\"mkdf-elements-holder mkdf-two-columns mkdf-responsive-mode-768\" ><div class=\"mkdf-eh-item \" style=\"background-image: url(https:\/\/altos-klinika.cz\/wp-content\/uploads\/2021\/09\/doctor-man-consulting-patient-while-filling-up-application-form-desk-hospital-scaled.jpg)\" data-item-class=\"mkdf-eh-custom-367954\" data-600-768=\"260px 0\" data-480-600=\"200px 0\" data-480=\"200px 0\">\n\t<div class=\"mkdf-eh-item-inner\">\n\t\t<div class=\"mkdf-eh-item-content mkdf-eh-custom-367954\" >\n\t\t\t\t\t<\/div>\n\t<\/div>\n<\/div><div class=\"mkdf-eh-item \"  data-item-class=\"mkdf-eh-custom-728401\" data-1280-1600=\"110px 15% 120px 15%\" data-1024-1280=\"100px 13% 105px 14%\" data-768-1024=\"75px 11% 90px 10%\" data-600-768=\"75px 11% 90px 10%\" data-480-600=\"60px 10% 85px 10%\" data-480=\"60px 10% 85px 10%\">\n\t<div class=\"mkdf-eh-item-inner\">\n\t\t<div class=\"mkdf-eh-item-content mkdf-eh-custom-728401\" style=\"padding: 100px 19% 100px 16%\">\n\t\t\t<div class=\"mkdf-section-title-holder mkdf-st-standard mkdf-st-title-left mkdf-st-normal-space \" >\n\t<div class=\"mkdf-st-inner\">\n\t\t\t\t\t<h2 class=\"mkdf-st-title\" >\n\t\t\t\tKontraindikation\t\t\t<\/h2>\n\t\t\t\t\t<\/div>\n<\/div>[vc_empty_space height=&#8220;25px&#8220;][vc_column_text]\u2022 Entz\u00fcndliche Erkrankung, bakterielle Dermatitis<br \/>\n\u2022 Onkologische Behandlung<br \/>\n\u2022 Schwangerschaft, Stillzeit<br \/>\n\u2022 Autoimmunerkrankungen oder Asthma<br \/>\n\u2022 Diabetes<br \/>\n\u2022 Epilepsie<br \/>\n\u2022 Gef\u00e4\u00dferkrankungen[\/vc_column_text]\t\t<\/div>\n\t<\/div>\n<\/div><\/div><div class=\"mkdf-elements-holder mkdf-two-columns mkdf-responsive-mode-768\" ><div class=\"mkdf-eh-item \"  data-item-class=\"mkdf-eh-custom-580200\" data-1280-1600=\"80px 8% 80px 7%\" data-1024-1280=\"80px 8% 80px 7%\" data-768-1024=\"80px 8% 80px 7%\" data-600-768=\"0px 5% 20px 5%\" data-480-600=\"0px 10% 85px 10%\" data-480=\"0px 10% 85px 10%\">\n\t<div class=\"mkdf-eh-item-inner\">\n\t\t<div class=\"mkdf-eh-item-content mkdf-eh-custom-580200\" style=\"padding: 80px 8% 80px 7%\">\n\t\t\t<div class=\"mkdf-section-title-holder mkdf-st-standard mkdf-st-title-left mkdf-st-normal-space \" >\n\t<div class=\"mkdf-st-inner\">\n\t\t\t\t\t<h2 class=\"mkdf-st-title\" >\n\t\t\t\tVerwendete Laser\t\t\t<\/h2>\n\t\t\t\t\t<\/div>\n<\/div>[vc_empty_space height=&#8220;25px&#8220;][vc_column_text]In unserer Klinik wird die Prozedur mit einem SmartXide2 CO2 Fraktionslaser des italienischen Herstellers DEKA durchgef\u00fchrt. SmartXide2 ist eine echte Innovation und die einzige Plattform auf dem Markt, die mit CO2- und Diodenlasern ausgestattet ist, die in vielen Bereichen eingesetzt werden k\u00f6nnen. Dies ist das Ergebnis der Entwicklung der RF CO2 Laserquelle, die mit der einzigartigen PSD\u00ae (Pulse Shape Design) Technologie ausgestattet ist. Durch die Nutzung der synergistischen Effekte eines CO2-Lasers und einer Radiofrequenz (RF)-Wellenquelle kann der innovative HiScan DOT \/ RF alle Hautschichten erreichen.<\/p>\n<p>SmartXide2 DOT \/ RF eliminiert das Risiko von PIH (postinflammatorische Hyperpigmentierung). Der SmartXide Dot Laser dringt in die obere Schicht der Dermis ein, die die tragende Schicht unserer Haut ist und den gr\u00f6\u00dften Teil des in der Haut vorkommenden Kollagens enth\u00e4lt. SmartXide Dot zielt auf das Wasser in diesen Geweben ab und dann wird das Gewebe innerhalb des Laserpunktes entfernt. Jeder Punkt des Lasers ist von einem Raum umgeben, der eine thermische Sch\u00e4digung des Gewebes erm\u00f6glicht. Diese thermische Sch\u00e4digung ist der Grund f\u00fcr die hervorragenden Ergebnisse, die mit CO2 Lasern zu sehen sind.<\/p>\n<p>Der SmartXide Dot Laser wurde f\u00fcr eine Vielzahl von Behandlungen mit maximalem Patientennutzen entwickelt. Oberfl\u00e4chliche Probleme wie Pigmentst\u00f6rungen oder leichte F\u00e4ltchen werden mit dicht beieinander liegenden Punkten behandelt. Tiefenprobleme wie Narben oder ausgepr\u00e4gtere Hautfalten werden mit gr\u00f6\u00dferem Punktabstand, weniger Punktsummen, tieferen und l\u00e4ngeren Abst\u00e4nden behandelt. Die Schrumpfung des Kollagens aufgrund von thermischen Sch\u00e4den f\u00fchrt zu einer sofortigen Hautstraffung. Wichtig ist jedoch, dass etwa einen Monat nach der Behandlung eine weitere Verbesserung der Hautfestigkeit und Kollagendichte aufgrund des Kollagenumbaus eintritt. Diese Verbesserungen k\u00f6nnen bis zu einem Jahr dauern.<\/p>\n<p>[\/vc_column_text]\t\t<\/div>\n\t<\/div>\n<\/div><div class=\"mkdf-eh-item \" style=\"background-image: url(https:\/\/altos-klinika.cz\/wp-content\/uploads\/2021\/09\/MG_0068_low.jpg)\" data-item-class=\"mkdf-eh-custom-856783\" data-600-768=\"260px 0\" data-480-600=\"200px 0\" data-480=\"200px 0\">\n\t<div class=\"mkdf-eh-item-inner\">\n\t\t<div class=\"mkdf-eh-item-content mkdf-eh-custom-856783\" >\n\t\t\t\t\t<\/div>\n\t<\/div>\n<\/div><\/div>[\/vc_column][\/vc_row]<\/p>\n","protected":false},"excerpt":{"rendered":"<p>[vc_row row_content_width=&#8220;grid&#8220; css=&#8220;.vc_custom_1632239210797{padding-top: 70px !important;}&#8220;][vc_column offset=&#8220;vc_col-lg-12&#8243; css=&#8220;.vc_custom_1632140768248{margin-top: -8px !important;}&#8220;][vc_empty_space height=&#8220;9px&#8220;][vc_column_text]Narben und Dehnungsstreifen geh\u00f6ren zu den \u00e4sthetischen Unannehmlichkeiten des K\u00f6rpers, die viele Menschen st\u00f6ren. Moderne Laserverfahren k\u00f6nnen trotz ihres unterschiedlichen Alters beide Probleme bew\u00e4ltigen. Auch bei gro\u00dffl\u00e4chigeren Narben nach Operationen oder [&hellip;]<\/p>\n","protected":false},"author":1,"featured_media":0,"parent":0,"menu_order":0,"comment_status":"closed","ping_status":"closed","template":"full-width.php","meta":{"footnotes":""},"class_list":["post-18022","page","type-page","status-publish","hentry"],"acf":[],"_links":{"self":[{"href":"https:\/\/altos-klinika.cz\/de\/wp-json\/wp\/v2\/pages\/18022","targetHints":{"allow":["GET"]}}],"collection":[{"href":"https:\/\/altos-klinika.cz\/de\/wp-json\/wp\/v2\/pages"}],"about":[{"href":"https:\/\/altos-klinika.cz\/de\/wp-json\/wp\/v2\/types\/page"}],"author":[{"embeddable":true,"href":"https:\/\/altos-klinika.cz\/de\/wp-json\/wp\/v2\/users\/1"}],"replies":[{"embeddable":true,"href":"https:\/\/altos-klinika.cz\/de\/wp-json\/wp\/v2\/comments?post=18022"}],"version-history":[{"count":5,"href":"https:\/\/altos-klinika.cz\/de\/wp-json\/wp\/v2\/pages\/18022\/revisions"}],"predecessor-version":[{"id":22556,"href":"https:\/\/altos-klinika.cz\/de\/wp-json\/wp\/v2\/pages\/18022\/revisions\/22556"}],"wp:attachment":[{"href":"https:\/\/altos-klinika.cz\/de\/wp-json\/wp\/v2\/media?parent=18022"}],"curies":[{"name":"wp","href":"https:\/\/api.w.org\/{rel}","templated":true}]}}