{"id":18148,"date":"2021-10-10T16:19:49","date_gmt":"2021-10-10T16:19:49","guid":{"rendered":"https:\/\/altos-klinika.cz\/laser-rejuvenation\/"},"modified":"2022-12-11T18:40:20","modified_gmt":"2022-12-11T18:40:20","slug":"laser-rejuvenation","status":"publish","type":"page","link":"https:\/\/altos-klinika.cz\/de\/laser-rejuvenation\/","title":{"rendered":"Laser skin rejuvenation"},"content":{"rendered":"<p>[vc_row row_content_width=&#8220;grid&#8220; css=&#8220;.vc_custom_1632239210797{padding-top: 70px !important;}&#8220;][vc_column offset=&#8220;vc_col-lg-12&#8243; css=&#8220;.vc_custom_1632140768248{margin-top: -8px !important;}&#8220;]<div class=\"mkdf-section-title-holder mkdf-st-standard mkdf-st-title-left mkdf-st-normal-space \" style=\"text-align: center\">\n\t<div class=\"mkdf-st-inner\">\n\t\t\t\t\t<h1 class=\"mkdf-st-title\" >\n\t\t\t\tLaser-Hautverj\u00fcngung\t\t\t<\/h1>\n\t\t\t\t\t<\/div>\n<\/div>[vc_column_text]<\/p>\n<h4 style=\"text-align: center; font-family: 'Poppins';\"><\/h4>\n<p>[\/vc_column_text][vc_empty_space height=&#8220;9px&#8220;][vc_column_text]Die Laser- Hautverj\u00fcngung wurde entwickelt, um die \u00e4u\u00dferen Zeichen der Hautalterung zu beseitigen, die nach 25 Jahren allm\u00e4hlich auftreten. Der Hauptgrund f\u00fcr die mit der Hautalterung verbundenen Ver\u00e4nderungen ist eine Abnahme der Kollagenproduktion im K\u00f6rper, die f\u00fcr die Elastizit\u00e4t der Haut verantwortlich ist.<\/p>\n<p>Dank der Laserwirkung ist es m\u00f6glich, die Haut und ihre Farbe, Elastizit\u00e4t wiederherzustellen und die obere gesch\u00e4digte Hautschicht zu entfernen. Die W\u00e4rmebehandlung mit einem Laserstrahl stimuliert die Kollagenproduktion, wodurch die Regenerationsprozesse der Haut beschleunigt werden. Die Laserverj\u00fcngung tr\u00e4gt somit zur Straffung der Haut, Gl\u00e4ttung von F\u00e4ltchen, Verbesserung der Hautqualit\u00e4t, Straffung und Frische bei.<\/p>\n<p>Mit Hilfe von Laserverj\u00fcngung ist es auch m\u00f6glich, Pigmentflecken, Dehnungsstreifen, vergr\u00f6\u00dferte Poren und Gef\u00e4\u00dferkrankungen loszuwerden.<br \/>\nWelche Arten von Laser- Verj\u00fcngungsbehandlun gen bieten wir in unserer Klinik an:<\/p>\n<p>[\/vc_column_text][vc_empty_space][\/vc_column][\/vc_row][vc_row full_width=&#8220;stretch_row&#8220; css=&#8220;.vc_custom_1638118773359{background-color: rgba(78,109,204,0.07) !important;*background-color: rgb(78,109,204) !important;}&#8220; simple_background_color=&#8220;rgba(78,109,204,0.07)&#8220;][vc_column][vc_row_inner row_content_width=&#8220;grid&#8220;][vc_column_inner][vc_column_text]\n<div class=\"wpcf7 no-js\" id=\"wpcf7-f13827-o1\" lang=\"en-US\" dir=\"ltr\" data-wpcf7-id=\"13827\">\n<div class=\"screen-reader-response\"><p role=\"status\" aria-live=\"polite\" aria-atomic=\"true\"><\/p> <ul><\/ul><\/div>\n<form action=\"\/de\/wp-json\/wp\/v2\/pages\/18148#wpcf7-f13827-o1\" method=\"post\" class=\"wpcf7-form init inline-form\" aria-label=\"Contact form\" novalidate=\"novalidate\" data-status=\"init\">\n<div style=\"display: none;\">\n<input type=\"hidden\" name=\"_wpcf7\" value=\"13827\" \/>\n<input type=\"hidden\" name=\"_wpcf7_version\" value=\"6.0.4\" \/>\n<input type=\"hidden\" name=\"_wpcf7_locale\" value=\"en_US\" \/>\n<input type=\"hidden\" name=\"_wpcf7_unit_tag\" value=\"wpcf7-f13827-o1\" \/>\n<input type=\"hidden\" name=\"_wpcf7_container_post\" value=\"0\" \/>\n<input type=\"hidden\" name=\"_wpcf7_posted_data_hash\" value=\"\" \/>\n<input type=\"hidden\" name=\"_wpcf7_recaptcha_response\" value=\"\" \/>\n<\/div>\n<h2>Book an appointment\n<\/h2>\n<div class=\"jq-row jq-inline-form\">\n\t<div class=\"fields-col jq-row\">\n\t\t<div class=\"jq-col-33\">\n\t\t\t<p><span class=\"wpcf7-form-control-wrap\" data-name=\"your-name\"><input size=\"40\" maxlength=\"400\" class=\"wpcf7-form-control wpcf7-text wpcf7-validates-as-required\" aria-required=\"true\" aria-invalid=\"false\" placeholder=\"Your name\" value=\"\" type=\"text\" name=\"your-name\" \/><\/span>\n\t\t\t<\/p>\n\t\t<\/div>\n\t\t<div class=\"jq-col-33\">\n\t\t\t<p><span class=\"wpcf7-form-control-wrap\" data-name=\"your-email\"><input size=\"40\" maxlength=\"400\" class=\"wpcf7-form-control wpcf7-email wpcf7-validates-as-required wpcf7-text wpcf7-validates-as-email\" aria-required=\"true\" aria-invalid=\"false\" placeholder=\"E-mail\" value=\"\" type=\"email\" name=\"your-email\" \/><\/span>\n\t\t\t<\/p>\n\t\t<\/div>\n\t\t<div class=\"jq-col-33\">\n\t\t\t<p><span class=\"wpcf7-form-control-wrap\" data-name=\"your-tel\"><input size=\"40\" maxlength=\"400\" class=\"wpcf7-form-control wpcf7-tel wpcf7-text wpcf7-validates-as-tel\" aria-invalid=\"false\" placeholder=\"+420 *** *** ***\" value=\"\" type=\"tel\" name=\"your-tel\" \/><\/span>\n\t\t\t<\/p>\n\t\t<\/div>\n\t\t<div class=\"jq-col-100\">\n\t\t\t<p><span class=\"wpcf7-form-control-wrap\" data-name=\"acceptance\"><span class=\"wpcf7-form-control wpcf7-acceptance\"><span class=\"wpcf7-list-item\"><label><input type=\"checkbox\" name=\"acceptance\" value=\"1\" aria-invalid=\"false\" \/><span class=\"wpcf7-list-item-label\">I agree to the <a href=\"https:\/\/altos-klinika.cz\/en\/terms-of-use\/\" target=\"_blank\">processing of my personal data<\/a>.<\/span><\/label><\/span><\/span><\/span>\n\t\t\t<\/p>\n\t\t<\/div>\n\t<\/div>\n\t<div class=\"button-col\">\n\t\t<p><input class=\"wpcf7-form-control wpcf7-submit has-spinner\" type=\"submit\" value=\"Send\" \/><input type=\"hidden\" class=\"wpcf7-form-control wpcf7-hidden\" name=\"your-subject\" placeholder=\"\" value=\"EN \u0417\u0430\u043f\u0438\u0441\u044c \u043d\u0430 \u043f\u0440\u043e\u0446\u0435\u0434\u0443\u0440\u0443\" \/><input type=\"hidden\" class=\"wpcf7-form-control wpcf7-hidden\" name=\"hidden-956\" placeholder=\"\" value=\"Laser skin rejuvenation\" \/>\n\t\t<\/p>\n\t<\/div>\n<\/div><input type='hidden' class='wpcf7-pum' value='{\"closepopup\":false,\"closedelay\":0,\"openpopup\":false,\"openpopup_id\":0}' \/><div class=\"wpcf7-response-output\" aria-hidden=\"true\"><\/div>\n<\/form>\n<\/div>\n[\/vc_column_text][\/vc_column_inner][\/vc_row_inner][\/vc_column][\/vc_row][vc_row row_content_width=&#8220;grid&#8220; css=&#8220;.vc_custom_1632239210797{padding-top: 70px !important;}&#8220;][vc_column offset=&#8220;vc_col-lg-12&#8243; css=&#8220;.vc_custom_1632140768248{margin-top: -8px !important;}&#8220;][vc_column_text]<\/p>\n<h2 style=\"text-align: center;\">Welche Arten von Laser-Verj\u00fcngungsbehandlungen bieten wir in unserer Klinik an:<\/h2>\n<p>[\/vc_column_text][\/vc_column][\/vc_row][vc_row css=&#8220;.vc_custom_1632322238998{padding-top: 50px !important;}&#8220;][vc_column css=&#8220;.vc_custom_1492767171698{padding-top: 0px !important;}&#8220;]<div class=\"mkdf-elements-holder mkdf-two-columns mkdf-responsive-mode-768\" ><div class=\"mkdf-eh-item \" style=\"background-image: url(https:\/\/altos-klinika.cz\/wp-content\/uploads\/2021\/10\/IMG_20210206_173332-scaled.jpg)\" data-item-class=\"mkdf-eh-custom-663531\" data-600-768=\"260px 0\" data-480-600=\"200px 0\" data-480=\"200px 0\">\n\t<div class=\"mkdf-eh-item-inner\">\n\t\t<div class=\"mkdf-eh-item-content mkdf-eh-custom-663531\" >\n\t\t\t\t\t<\/div>\n\t<\/div>\n<\/div><div class=\"mkdf-eh-item \"  data-item-class=\"mkdf-eh-custom-583635\" data-1280-1600=\"110px 15% 120px 15%\" data-1024-1280=\"100px 13% 105px 14%\" data-768-1024=\"75px 11% 90px 10%\" data-600-768=\"75px 11% 90px 10%\" data-480-600=\"60px 10% 85px 10%\" data-480=\"60px 10% 85px 10%\">\n\t<div class=\"mkdf-eh-item-inner\">\n\t\t<div class=\"mkdf-eh-item-content mkdf-eh-custom-583635\" style=\"padding: 100px 19% 100px 16%\">\n\t\t\t<div class=\"mkdf-section-title-holder mkdf-st-standard mkdf-st-title-left mkdf-st-normal-space \" >\n\t<div class=\"mkdf-st-inner\">\n\t\t\t\t\t<h2 class=\"mkdf-st-title\" >\n\t\t\t\tLasererneuerung (Laser Resurfacing)\t\t\t<\/h2>\n\t\t\t\t\t<\/div>\n<\/div>[vc_empty_space height=&#8220;25px&#8220;][vc_empty_space height=&#8220;25px&#8220;][vc_column_text]Laser Resurfacing ist eine bew\u00e4hrte Prozedur zur Gesichtsverj\u00fcngung, bei dem ein Laser verwendet wird, um das Hautbild zu verbessern oder kleinere Hautunreinheiten zu reduzieren.<\/p>\n<p>Laser Resurfacing reduziert das Auftreten feiner F\u00e4ltchen im Gesicht, verbessert den Verlust des Hauttonus, entfernt Narben oder sichtbare Hautver\u00e4nderungen nach Sonnensch\u00e4den. In den H\u00e4nden einer qualifizierten Fachperson ist die Prozedur die optimale L\u00f6sung zur Verbesserung des Hautbildes.<br \/>\n[\/vc_column_text][vc_column_text]<\/p>\n<p style=\"margin-top: 20px;\"><a style=\"color: #43d5cb; font-weight: 500; text-decoration: underline;\" href=\"\/de\/laser-resurfacing\/\" target=\"_blank\" rel=\"noopener\">Mehr Info<\/a><\/p>\n<p>[\/vc_column_text]\t\t<\/div>\n\t<\/div>\n<\/div><\/div><div class=\"mkdf-elements-holder mkdf-two-columns mkdf-responsive-mode-768\" ><div class=\"mkdf-eh-item \"  data-item-class=\"mkdf-eh-custom-370630\" data-1280-1600=\"80px 8% 80px 7%\" data-1024-1280=\"80px 8% 80px 7%\" data-768-1024=\"80px 8% 80px 7%\" data-600-768=\"0px 5% 20px 5%\" data-480-600=\"0px 10% 85px 10%\" data-480=\"0px 10% 85px 10%\">\n\t<div class=\"mkdf-eh-item-inner\">\n\t\t<div class=\"mkdf-eh-item-content mkdf-eh-custom-370630\" style=\"padding: 80px 8% 80px 7%\">\n\t\t\t<div class=\"mkdf-section-title-holder mkdf-st-standard mkdf-st-title-left mkdf-st-normal-space \" >\n\t<div class=\"mkdf-st-inner\">\n\t\t\t\t\t<h2 class=\"mkdf-st-title\" >\n\t\t\t\tVaskul\u00e4re Laserverj\u00fcngung ND: Yag\t\t\t<\/h2>\n\t\t\t\t\t<\/div>\n<\/div>[vc_empty_space height=&#8220;25px&#8220;][vc_column_text]ND Gef\u00e4\u00dflaserbehandlung Nd:Yag ist f\u00fcr alle Gef\u00e4\u00dfl\u00e4sionen geeignet. Die Laserstrahlen dringen tief in die untere Schicht der Dermis ein, wodurch Falten, H\u00e4mangiome, oberfl\u00e4chliche Gef\u00e4\u00dfe und Venen reduziert werden k\u00f6nnen.<\/p>\n<p>Die Behandlung ist pr\u00e4zise und angenehm, das umliegende Gewebe wird nicht besch\u00e4digt. Die YAG-Funktion stellt ein Behandlungssystem f\u00fcr vaskul\u00e4re L\u00e4sionen der neuen Generation dar, das jede Art von Behandlung in seiner Klasse \u00fcbertrifft. Es ist f\u00fcr alle Hauttypen geeignet.<\/p>\n<p>[\/vc_column_text][vc_column_text]<\/p>\n<p style=\"margin-top: 20px;\"><a style=\"color: #43d5cb; font-weight: 500; text-decoration: underline;\" href=\"\/de\/rejuvenation-with-nd-yag-laser\/\" target=\"_blank\" rel=\"noopener\">Mehr Info<\/a><\/p>\n<p>[\/vc_column_text]\t\t<\/div>\n\t<\/div>\n<\/div><div class=\"mkdf-eh-item \" style=\"background-image: url(https:\/\/altos-klinika.cz\/wp-content\/uploads\/2021\/10\/MG_0033_low.jpg)\" data-item-class=\"mkdf-eh-custom-260855\" data-600-768=\"260px 0\" data-480-600=\"200px 0\" data-480=\"200px 0\">\n\t<div class=\"mkdf-eh-item-inner\">\n\t\t<div class=\"mkdf-eh-item-content mkdf-eh-custom-260855\" >\n\t\t\t\t\t<\/div>\n\t<\/div>\n<\/div><\/div><div class=\"mkdf-elements-holder mkdf-two-columns mkdf-responsive-mode-768\" ><div class=\"mkdf-eh-item \" style=\"background-image: url(https:\/\/altos-klinika.cz\/wp-content\/uploads\/2021\/10\/MG_0041_low.jpg)\" data-item-class=\"mkdf-eh-custom-778526\" data-600-768=\"260px 0\" data-480-600=\"200px 0\" data-480=\"200px 0\">\n\t<div class=\"mkdf-eh-item-inner\">\n\t\t<div class=\"mkdf-eh-item-content mkdf-eh-custom-778526\" >\n\t\t\t\t\t<\/div>\n\t<\/div>\n<\/div><div class=\"mkdf-eh-item \"  data-item-class=\"mkdf-eh-custom-505235\" data-1280-1600=\"110px 15% 120px 15%\" data-1024-1280=\"100px 13% 105px 14%\" data-768-1024=\"75px 11% 90px 10%\" data-600-768=\"75px 11% 90px 10%\" data-480-600=\"60px 10% 85px 10%\" data-480=\"60px 10% 85px 10%\">\n\t<div class=\"mkdf-eh-item-inner\">\n\t\t<div class=\"mkdf-eh-item-content mkdf-eh-custom-505235\" style=\"padding: 100px 19% 100px 16%\">\n\t\t\t<div class=\"mkdf-section-title-holder mkdf-st-standard mkdf-st-title-left mkdf-st-normal-space \" >\n\t<div class=\"mkdf-st-inner\">\n\t\t\t\t\t<h2 class=\"mkdf-st-title\" >\n\t\t\t\tRadiofrequenz-Facelifting mit dem TriActive + Ger\u00e4t\t\t\t<\/h2>\n\t\t\t\t\t<\/div>\n<\/div>[vc_empty_space height=&#8220;25px&#8220;][vc_column_text]Radiofrequenz-Lifting oder RF- Therapie ist eine nicht- chirurgische Methode zur Straffung der Gesichtshaut. Bei dieser Prozedur werden Energiewellen verwendet, die die tiefen Hautschichten (Dermis) erw\u00e4rmen, was zur Produktion von Kollagen f\u00fchrt.<br \/>\nKollagen ist ein wesentlicher Bestandteil Ihres K\u00f6rpers und hilft Ihrer Haut, straff und elastisch zu bleiben. Ein wichtiger Faktor beim RF-Lifting ist die schmerzfreie Hautentfernung, die Reduzierung feiner Linien und F\u00e4ltchen sowie die Formgebung der Gesichtskontur.[\/vc_column_text][vc_column_text]<\/p>\n<p style=\"margin-top: 20px;\"><a style=\"color: #43d5cb; font-weight: 500; text-decoration: underline;\" href=\"https:\/\/altos-klinika.cz\/de\/rf-facelifting\/\" target=\"_blank\" rel=\"noopener\">Mehr Info<\/a><\/p>\n<p>[\/vc_column_text]\t\t<\/div>\n\t<\/div>\n<\/div><\/div>[\/vc_column][\/vc_row][vc_row css=&#8220;.vc_custom_1632322238998{padding-top: 50px !important;}&#8220;][vc_column css=&#8220;.vc_custom_1492767171698{padding-top: 0px !important;}&#8220;]<div class=\"mkdf-elements-holder mkdf-two-columns mkdf-responsive-mode-768\" ><div class=\"mkdf-eh-item \"  data-item-class=\"mkdf-eh-custom-316484\" data-1280-1600=\"80px 8% 80px 7%\" data-1024-1280=\"80px 8% 80px 7%\" data-768-1024=\"80px 8% 80px 7%\" data-600-768=\"0px 5% 20px 5%\" data-480-600=\"0px 10% 85px 10%\" data-480=\"0px 10% 85px 10%\">\n\t<div class=\"mkdf-eh-item-inner\">\n\t\t<div class=\"mkdf-eh-item-content mkdf-eh-custom-316484\" style=\"padding: 80px 8% 80px 7%\">\n\t\t\t<div class=\"mkdf-section-title-holder mkdf-st-standard mkdf-st-title-left mkdf-st-normal-space \" >\n\t<div class=\"mkdf-st-inner\">\n\t\t\t\t\t<h2 class=\"mkdf-st-title\" >\n\t\t\t\tUltraschall-SMAS-Lifting\t\t\t<\/h2>\n\t\t\t\t\t<\/div>\n<\/div>[vc_empty_space height=&#8220;25px&#8220;][vc_column_text]Das Ultraschall-SMAS-Lifting ist eine einzigartige Methode zur nicht-chirurgischen Verbesserung der Gesichtskonturen, der Stirn, der Augenlider, des Halses und des Dekollet\u00e9s ohne lange Erholung. Ultraschall wirkt auf die muskel-aponeurotische Schicht der Haut, die SMAS genannt wird, die sich unter den Fettzellen der Haut befindet. Die nicht-invasive Methode dringt sowohl in die Haut als auch in die Muskulatur ein und f\u00f6rdert dort die Produktion von Kollagen und Elastin. Das Lifting sorgt f\u00fcr einen lang anhaltenden Effekt der Hautverj\u00fcngung und Elastizit\u00e4t.<\/p>\n<p>Die Prozedur l\u00e4sst sich problemlos mit injizierbaren Anti-Aging-Methoden kombinieren.<br \/>\n[\/vc_column_text][vc_column_text]<\/p>\n<p style=\"margin-top: 20px;\"><a style=\"color: #43d5cb; font-weight: 500; text-decoration: underline;\" href=\"\/de\/ulthera-lifting\/\" target=\"_blank\" rel=\"noopener\">Mehr Info<\/a><\/p>\n<p>[\/vc_column_text]\t\t<\/div>\n\t<\/div>\n<\/div><div class=\"mkdf-eh-item \" style=\"background-image: url(https:\/\/altos-klinika.cz\/wp-content\/uploads\/2021\/10\/MG_0102_low.jpg)\" data-item-class=\"mkdf-eh-custom-857496\" data-600-768=\"260px 0\" data-480-600=\"200px 0\" data-480=\"200px 0\">\n\t<div class=\"mkdf-eh-item-inner\">\n\t\t<div class=\"mkdf-eh-item-content mkdf-eh-custom-857496\" >\n\t\t\t\t\t<\/div>\n\t<\/div>\n<\/div><\/div>[\/vc_column][\/vc_row][vc_row row_content_width=&#8220;grid&#8220;][vc_column]<div class=\"mkdf-elements-holder mkdf-one-column mkdf-responsive-mode-768\" ><div class=\"mkdf-eh-item mkdf-horizontal-alignment-center\"  data-item-class=\"mkdf-eh-custom-456151\">\n\t<div class=\"mkdf-eh-item-inner\">\n\t\t<div class=\"mkdf-eh-item-content mkdf-eh-custom-456151\" style=\"padding: 70px 0px 50px 0px\">\n\t\t\t<div class=\"mkdf-section-title-holder mkdf-st-standard mkdf-st-title-left mkdf-st-normal-space \" >\n\t<div class=\"mkdf-st-inner\">\n\t\t\t\t\t<h2 class=\"mkdf-st-title\" >\n\t\t\t\tFoto vorher und nachher\t\t\t<\/h2>\n\t\t\t\t\t<\/div>\n<\/div>[vc_empty_space]<div class=\"mkdf-image-gallery mkdf-ig-carousel-type \">\n\t<div class=\"mkdf-ig-slider mkdf-owl-slider\" data-number-of-items=\"1\" data-enable-loop=\"yes\" data-enable-autoplay=\"yes\" data-slider-speed=\"5000\" data-slider-speed-animation=\"600\" data-enable-navigation=\"yes\" data-enable-pagination=\"yes\">\n\t\t\t\t\t<div class=\"mkdf-ig-image\">\n\t\t\t\t\t\t\t\t\t<img loading=\"lazy\" decoding=\"async\" width=\"830\" height=\"397\" src=\"https:\/\/altos-klinika.cz\/wp-content\/uploads\/2021\/09\/Laserovy-resurfacing_2.jpg\" class=\"attachment-full size-full\" alt=\"\" srcset=\"https:\/\/altos-klinika.cz\/wp-content\/uploads\/2021\/09\/Laserovy-resurfacing_2.jpg 830w, https:\/\/altos-klinika.cz\/wp-content\/uploads\/2021\/09\/Laserovy-resurfacing_2-300x143.jpg 300w, https:\/\/altos-klinika.cz\/wp-content\/uploads\/2021\/09\/Laserovy-resurfacing_2-768x367.jpg 768w, https:\/\/altos-klinika.cz\/wp-content\/uploads\/2021\/09\/Laserovy-resurfacing_2-630x300.jpg 630w, https:\/\/altos-klinika.cz\/wp-content\/uploads\/2021\/09\/Laserovy-resurfacing_2-600x287.jpg 600w\" sizes=\"auto, (max-width: 830px) 100vw, 830px\" \/>\t\t\t\t\t\t\t<\/div>\n\t\t\t\t\t<div class=\"mkdf-ig-image\">\n\t\t\t\t\t\t\t\t\t<img loading=\"lazy\" decoding=\"async\" width=\"830\" height=\"397\" src=\"https:\/\/altos-klinika.cz\/wp-content\/uploads\/2021\/09\/Laserovy-resurfacing_1.jpg\" class=\"attachment-full size-full\" alt=\"\" srcset=\"https:\/\/altos-klinika.cz\/wp-content\/uploads\/2021\/09\/Laserovy-resurfacing_1.jpg 830w, https:\/\/altos-klinika.cz\/wp-content\/uploads\/2021\/09\/Laserovy-resurfacing_1-300x143.jpg 300w, https:\/\/altos-klinika.cz\/wp-content\/uploads\/2021\/09\/Laserovy-resurfacing_1-768x367.jpg 768w, https:\/\/altos-klinika.cz\/wp-content\/uploads\/2021\/09\/Laserovy-resurfacing_1-630x300.jpg 630w, https:\/\/altos-klinika.cz\/wp-content\/uploads\/2021\/09\/Laserovy-resurfacing_1-600x287.jpg 600w\" sizes=\"auto, (max-width: 830px) 100vw, 830px\" \/>\t\t\t\t\t\t\t<\/div>\n\t\t\t\t\t<div class=\"mkdf-ig-image\">\n\t\t\t\t\t\t\t\t\t<img loading=\"lazy\" decoding=\"async\" width=\"830\" height=\"397\" src=\"https:\/\/altos-klinika.cz\/wp-content\/uploads\/2021\/09\/laserovy_resurfacing6.jpg\" class=\"attachment-full size-full\" alt=\"\" srcset=\"https:\/\/altos-klinika.cz\/wp-content\/uploads\/2021\/09\/laserovy_resurfacing6.jpg 830w, https:\/\/altos-klinika.cz\/wp-content\/uploads\/2021\/09\/laserovy_resurfacing6-300x143.jpg 300w, https:\/\/altos-klinika.cz\/wp-content\/uploads\/2021\/09\/laserovy_resurfacing6-768x367.jpg 768w, https:\/\/altos-klinika.cz\/wp-content\/uploads\/2021\/09\/laserovy_resurfacing6-630x300.jpg 630w, https:\/\/altos-klinika.cz\/wp-content\/uploads\/2021\/09\/laserovy_resurfacing6-600x287.jpg 600w\" sizes=\"auto, (max-width: 830px) 100vw, 830px\" \/>\t\t\t\t\t\t\t<\/div>\n\t\t\t\t\t<div class=\"mkdf-ig-image\">\n\t\t\t\t\t\t\t\t\t<img loading=\"lazy\" decoding=\"async\" width=\"830\" height=\"397\" src=\"https:\/\/altos-klinika.cz\/wp-content\/uploads\/2021\/09\/Laserovy-resurfacing_3.jpg\" class=\"attachment-full size-full\" alt=\"\" srcset=\"https:\/\/altos-klinika.cz\/wp-content\/uploads\/2021\/09\/Laserovy-resurfacing_3.jpg 830w, https:\/\/altos-klinika.cz\/wp-content\/uploads\/2021\/09\/Laserovy-resurfacing_3-300x143.jpg 300w, https:\/\/altos-klinika.cz\/wp-content\/uploads\/2021\/09\/Laserovy-resurfacing_3-768x367.jpg 768w, https:\/\/altos-klinika.cz\/wp-content\/uploads\/2021\/09\/Laserovy-resurfacing_3-630x300.jpg 630w, https:\/\/altos-klinika.cz\/wp-content\/uploads\/2021\/09\/Laserovy-resurfacing_3-600x287.jpg 600w\" sizes=\"auto, (max-width: 830px) 100vw, 830px\" \/>\t\t\t\t\t\t\t<\/div>\n\t\t\t\t\t<div class=\"mkdf-ig-image\">\n\t\t\t\t\t\t\t\t\t<img loading=\"lazy\" decoding=\"async\" width=\"830\" height=\"397\" src=\"https:\/\/altos-klinika.cz\/wp-content\/uploads\/2021\/10\/resurfacing_vicek2.jpg\" class=\"attachment-full size-full\" alt=\"\" srcset=\"https:\/\/altos-klinika.cz\/wp-content\/uploads\/2021\/10\/resurfacing_vicek2.jpg 830w, https:\/\/altos-klinika.cz\/wp-content\/uploads\/2021\/10\/resurfacing_vicek2-300x143.jpg 300w, https:\/\/altos-klinika.cz\/wp-content\/uploads\/2021\/10\/resurfacing_vicek2-768x367.jpg 768w, https:\/\/altos-klinika.cz\/wp-content\/uploads\/2021\/10\/resurfacing_vicek2-630x300.jpg 630w, https:\/\/altos-klinika.cz\/wp-content\/uploads\/2021\/10\/resurfacing_vicek2-600x287.jpg 600w\" sizes=\"auto, (max-width: 830px) 100vw, 830px\" \/>\t\t\t\t\t\t\t<\/div>\n\t\t\t\t\t<div class=\"mkdf-ig-image\">\n\t\t\t\t\t\t\t\t\t<img loading=\"lazy\" decoding=\"async\" width=\"830\" height=\"397\" src=\"https:\/\/altos-klinika.cz\/wp-content\/uploads\/2021\/10\/ultera-1.jpg\" class=\"attachment-full size-full\" alt=\"\" srcset=\"https:\/\/altos-klinika.cz\/wp-content\/uploads\/2021\/10\/ultera-1.jpg 830w, https:\/\/altos-klinika.cz\/wp-content\/uploads\/2021\/10\/ultera-1-300x143.jpg 300w, https:\/\/altos-klinika.cz\/wp-content\/uploads\/2021\/10\/ultera-1-768x367.jpg 768w, https:\/\/altos-klinika.cz\/wp-content\/uploads\/2021\/10\/ultera-1-630x300.jpg 630w, https:\/\/altos-klinika.cz\/wp-content\/uploads\/2021\/10\/ultera-1-600x287.jpg 600w\" sizes=\"auto, (max-width: 830px) 100vw, 830px\" \/>\t\t\t\t\t\t\t<\/div>\n\t\t\t\t\t<div class=\"mkdf-ig-image\">\n\t\t\t\t\t\t\t\t\t<img loading=\"lazy\" decoding=\"async\" width=\"830\" height=\"397\" src=\"https:\/\/altos-klinika.cz\/wp-content\/uploads\/2021\/10\/ultera-2.jpg\" class=\"attachment-full size-full\" alt=\"\" srcset=\"https:\/\/altos-klinika.cz\/wp-content\/uploads\/2021\/10\/ultera-2.jpg 830w, https:\/\/altos-klinika.cz\/wp-content\/uploads\/2021\/10\/ultera-2-300x143.jpg 300w, https:\/\/altos-klinika.cz\/wp-content\/uploads\/2021\/10\/ultera-2-768x367.jpg 768w, https:\/\/altos-klinika.cz\/wp-content\/uploads\/2021\/10\/ultera-2-630x300.jpg 630w, https:\/\/altos-klinika.cz\/wp-content\/uploads\/2021\/10\/ultera-2-600x287.jpg 600w\" sizes=\"auto, (max-width: 830px) 100vw, 830px\" \/>\t\t\t\t\t\t\t<\/div>\n\t\t\t\t\t<div class=\"mkdf-ig-image\">\n\t\t\t\t\t\t\t\t\t<img loading=\"lazy\" decoding=\"async\" width=\"830\" height=\"397\" src=\"https:\/\/altos-klinika.cz\/wp-content\/uploads\/2021\/09\/Laserovy-resurfacing_4.jpg\" class=\"attachment-full size-full\" alt=\"\" srcset=\"https:\/\/altos-klinika.cz\/wp-content\/uploads\/2021\/09\/Laserovy-resurfacing_4.jpg 830w, https:\/\/altos-klinika.cz\/wp-content\/uploads\/2021\/09\/Laserovy-resurfacing_4-300x143.jpg 300w, https:\/\/altos-klinika.cz\/wp-content\/uploads\/2021\/09\/Laserovy-resurfacing_4-768x367.jpg 768w, https:\/\/altos-klinika.cz\/wp-content\/uploads\/2021\/09\/Laserovy-resurfacing_4-630x300.jpg 630w, https:\/\/altos-klinika.cz\/wp-content\/uploads\/2021\/09\/Laserovy-resurfacing_4-600x287.jpg 600w\" sizes=\"auto, (max-width: 830px) 100vw, 830px\" \/>\t\t\t\t\t\t\t<\/div>\n\t\t\t<\/div>\n<\/div>\t\t<\/div>\n\t<\/div>\n<\/div><\/div>[\/vc_column][\/vc_row][vc_row css=&#8220;.vc_custom_1632322238998{padding-top: 50px !important;}&#8220;][vc_column css=&#8220;.vc_custom_1492767171698{padding-top: 0px !important;}&#8220;]<div class=\"mkdf-elements-holder mkdf-two-columns mkdf-responsive-mode-768\" ><div class=\"mkdf-eh-item \" style=\"background-image: url(https:\/\/altos-klinika.cz\/wp-content\/uploads\/2021\/09\/doctor-man-consulting-patient-while-filling-up-application-form-desk-hospital-scaled.jpg)\" data-item-class=\"mkdf-eh-custom-293368\" data-600-768=\"260px 0\" data-480-600=\"200px 0\" data-480=\"200px 0\">\n\t<div class=\"mkdf-eh-item-inner\">\n\t\t<div class=\"mkdf-eh-item-content mkdf-eh-custom-293368\" >\n\t\t\t\t\t<\/div>\n\t<\/div>\n<\/div><div class=\"mkdf-eh-item \"  data-item-class=\"mkdf-eh-custom-598749\" data-1280-1600=\"110px 15% 120px 15%\" data-1024-1280=\"100px 13% 105px 14%\" data-768-1024=\"75px 11% 90px 10%\" data-600-768=\"75px 11% 90px 10%\" data-480-600=\"60px 10% 85px 10%\" data-480=\"60px 10% 85px 10%\">\n\t<div class=\"mkdf-eh-item-inner\">\n\t\t<div class=\"mkdf-eh-item-content mkdf-eh-custom-598749\" style=\"padding: 100px 19% 100px 16%\">\n\t\t\t<div class=\"mkdf-section-title-holder mkdf-st-standard mkdf-st-title-left mkdf-st-normal-space \" >\n\t<div class=\"mkdf-st-inner\">\n\t\t\t\t\t<h2 class=\"mkdf-st-title\" >\n\t\t\t\tContraindication\t\t\t<\/h2>\n\t\t\t\t\t<\/div>\n<\/div>[vc_empty_space height=&#8220;25px&#8220;][vc_column_text]<\/p>\n<ul>\n<li>chronische somatische Erkrankungen<\/li>\n<li>Infektions- und Entz\u00fcndungskrankheiten<\/li>\n<li>onkologische Erkrankungen<\/li>\n<li>Schwangerschaft<\/li>\n<\/ul>\n<p>[\/vc_column_text]\t\t<\/div>\n\t<\/div>\n<\/div><\/div>[\/vc_column][\/vc_row]<\/p>\n","protected":false},"excerpt":{"rendered":"<p>[vc_row row_content_width=&#8220;grid&#8220; css=&#8220;.vc_custom_1632239210797{padding-top: 70px !important;}&#8220;][vc_column offset=&#8220;vc_col-lg-12&#8243; css=&#8220;.vc_custom_1632140768248{margin-top: -8px !important;}&#8220;][vc_column_text] [\/vc_column_text][vc_empty_space height=&#8220;9px&#8220;][vc_column_text]Die Laser- Hautverj\u00fcngung wurde entwickelt, um die \u00e4u\u00dferen Zeichen der Hautalterung zu beseitigen, die nach 25 Jahren allm\u00e4hlich auftreten. Der Hauptgrund f\u00fcr die mit der Hautalterung verbundenen Ver\u00e4nderungen ist eine [&hellip;]<\/p>\n","protected":false},"author":1,"featured_media":0,"parent":0,"menu_order":0,"comment_status":"closed","ping_status":"closed","template":"full-width.php","meta":{"footnotes":""},"class_list":["post-18148","page","type-page","status-publish","hentry"],"acf":[],"_links":{"self":[{"href":"https:\/\/altos-klinika.cz\/de\/wp-json\/wp\/v2\/pages\/18148","targetHints":{"allow":["GET"]}}],"collection":[{"href":"https:\/\/altos-klinika.cz\/de\/wp-json\/wp\/v2\/pages"}],"about":[{"href":"https:\/\/altos-klinika.cz\/de\/wp-json\/wp\/v2\/types\/page"}],"author":[{"embeddable":true,"href":"https:\/\/altos-klinika.cz\/de\/wp-json\/wp\/v2\/users\/1"}],"replies":[{"embeddable":true,"href":"https:\/\/altos-klinika.cz\/de\/wp-json\/wp\/v2\/comments?post=18148"}],"version-history":[{"count":2,"href":"https:\/\/altos-klinika.cz\/de\/wp-json\/wp\/v2\/pages\/18148\/revisions"}],"predecessor-version":[{"id":18155,"href":"https:\/\/altos-klinika.cz\/de\/wp-json\/wp\/v2\/pages\/18148\/revisions\/18155"}],"wp:attachment":[{"href":"https:\/\/altos-klinika.cz\/de\/wp-json\/wp\/v2\/media?parent=18148"}],"curies":[{"name":"wp","href":"https:\/\/api.w.org\/{rel}","templated":true}]}}